{"id":6144,"date":"2016-10-05T12:30:38","date_gmt":"2016-10-05T12:30:38","guid":{"rendered":"https:\/\/clinicadentalpenedes.com\/carrillas-de-composite\/"},"modified":"2018-02-09T16:29:56","modified_gmt":"2018-02-09T16:29:56","slug":"facetes-de-composite","status":"publish","type":"page","link":"https:\/\/clinicadentalpenedes.com\/ca\/facetes-de-composite\/","title":{"rendered":"Facetes de composite"},"content":{"rendered":"<div id=\"pl-6144\"  class=\"panel-layout\" ><div id=\"pg-6144-0\"  class=\"panel-grid panel-has-style\" ><div class=\"divider-no-animation tablet-default mobile-1-in-row desktop-default panel-row-style panel-row-style-for-6144-0\" ><div id=\"pgc-6144-0-0\"  class=\"panel-grid-cell\" ><div id=\"panel-6144-0-0-0\" class=\"so-panel widget widget_orion_empty_space_w panel-first-child\" data-index=\"0\" ><div class=\"orion default panel-widget-style panel-widget-style-for-6144-0-0-0\" ><div\n\t\t\t\n\t\t\tclass=\"so-widget-orion_empty_space_w so-widget-orion_empty_space_w-base\"\n\t\t\t\n\t\t>\t<div class=\"row empty-space visible-lg visible-md visible-sm visible-xs\" style=\"height:58px;\">\r\n\t<\/div><\/div><\/div><\/div><div id=\"panel-6144-0-0-1\" class=\"so-panel widget widget_orion_heading_w panel-last-child\" data-index=\"1\" ><div class=\"orion default panel-widget-style panel-widget-style-for-6144-0-0-1\" ><div\n\t\t\t\n\t\t\tclass=\"so-widget-orion_heading_w so-widget-orion_heading_w-base\"\n\t\t\t\n\t\t> \r\n\t\t\t<div class=\"row orion-heading\" style=\"margin-bottom:0px;\">\r\n\t\t<div class=\"col-md-12  separator-style-1 text-left style-h3 style-primary-color\">\r\n\t\t\t<h3 class=\"primary-color text-uppercase\">\r\n\t\t\t\tFacetes de composite \t\t\t<\/h3>\r\n\t\t<\/div>\r\n\t<\/div>\r\n\r\n\t<\/div><\/div><\/div><\/div><\/div><\/div><div id=\"pg-6144-1\"  class=\"panel-grid panel-has-style\" ><div class=\"siteorigin-panels-stretch divider-no-animation tablet-default mobile-1-in-row desktop-default panel-row-style panel-row-style-for-6144-1\" data-stretch-type=\"full\" ><div id=\"pgc-6144-1-0\"  class=\"panel-grid-cell\" ><div id=\"panel-6144-1-0-0\" class=\"so-panel widget widget_orion_empty_space_w panel-first-child\" data-index=\"2\" ><div class=\"orion default panel-widget-style panel-widget-style-for-6144-1-0-0\" ><div\n\t\t\t\n\t\t\tclass=\"so-widget-orion_empty_space_w so-widget-orion_empty_space_w-base\"\n\t\t\t\n\t\t>\t<div class=\"row empty-space visible-lg visible-md visible-sm visible-xs\" style=\"height:58px;\">\r\n\t<\/div><\/div><\/div><\/div><div id=\"panel-6144-1-0-1\" class=\"so-panel widget widget_orion_image_w\" data-index=\"3\" ><div class=\"orion default panel-widget-style panel-widget-style-for-6144-1-0-1\" ><div\n\t\t\t\n\t\t\tclass=\"so-widget-orion_image_w so-widget-orion_image_w-base\"\n\t\t\t\n\t\t>\r\n<div class=\"image-w relative\">\r\n\r\n\t\t\t\t\t\t\t<div class=\"orion_carousel overlay-none overlay-hover-none\">\r\n\t\t\r\n\t\t\t\t\t<img loading=\"lazy\" decoding=\"async\" width=\"750\" height=\"500\" src=\"https:\/\/clinicadentalpenedes.com\/wp-content\/uploads\/2016\/10\/AdobeStock_39068927-750x500.jpg\" class=\"attachment-orion_carousel size-orion_carousel\" alt=\"\" \/>\t\t\t<div class=\"overlay\"><\/div>\r\n\t\t\r\n\t\t\t\t\t<\/div>\r\n\t\t\t\r\n\t\r\n\t<div class=\"absolute\">\r\n\t\t<div class=\"hover-desc table-wrap\">\r\n\t\t\t<div class=\"cell-wrap\">\r\n\t\t\t\t<h4 class=\"primary-color\"><\/h4>\r\n\t\t\t<\/div>\r\n\t\t<\/div>\r\n\t<\/div>\t\t\t\t\t\r\n<\/div>\r\n\r\n<\/div><\/div><\/div><div id=\"panel-6144-1-0-2\" class=\"so-panel widget widget_orion_empty_space_w\" data-index=\"4\" ><div class=\"orion default panel-widget-style panel-widget-style-for-6144-1-0-2\" ><div\n\t\t\t\n\t\t\tclass=\"so-widget-orion_empty_space_w so-widget-orion_empty_space_w-base\"\n\t\t\t\n\t\t>\t<div class=\"row empty-space visible-lg visible-md visible-sm visible-xs\" style=\"height:22px;\">\r\n\t<\/div><\/div><\/div><\/div><div id=\"panel-6144-1-0-3\" class=\"so-panel widget widget_orion_button_w panel-last-child\" data-index=\"5\" ><div class=\"orion default panel-widget-style panel-widget-style-for-6144-1-0-3\" ><div\n\t\t\t\n\t\t\tclass=\"so-widget-orion_button_w so-widget-orion_button_w-base\"\n\t\t\t\n\t\t>\t<div class=\"wrapper block\" style=\"text-align:center\">\r\n\r\n\t\t\t<a class=\"btn btn-c1 btn-round btn-wire btn-xs\"  href=\"https:\/\/clinicadentalpenedes.com\/ca\/cas-real-facetes-de-composite\/\"\r\n\t\t\t   \t\t>\r\n\t\t\t Veure cas real\t\t\r\n\t\t<\/a>\r\n\t\r\n<\/div>\r\n<\/div><\/div><\/div><\/div><div id=\"pgc-6144-1-1\"  class=\"panel-grid-cell\" ><div id=\"panel-6144-1-1-0\" class=\"so-panel widget widget_orion_empty_space_w panel-first-child\" data-index=\"6\" ><div class=\"orion default panel-widget-style panel-widget-style-for-6144-1-1-0\" ><div\n\t\t\t\n\t\t\tclass=\"so-widget-orion_empty_space_w so-widget-orion_empty_space_w-base\"\n\t\t\t\n\t\t>\t<div class=\"row empty-space visible-lg visible-md visible-sm visible-xs\" style=\"height:58px;\">\r\n\t<\/div><\/div><\/div><\/div><div id=\"panel-6144-1-1-1\" class=\"so-panel widget widget_sow-editor\" data-index=\"7\" ><div class=\"orion default panel-widget-style panel-widget-style-for-6144-1-1-1\" ><div\n\t\t\t\n\t\t\tclass=\"so-widget-sow-editor so-widget-sow-editor-base\"\n\t\t\t\n\t\t>\n<div class=\"siteorigin-widget-tinymce textwidget\">\n\t<p>Les facetes de composite consisteixen en una fina capa d'aquest material de nanopart\u00edcules fotopolimeritzable que recobreix la part frontal de les dents. Sense necessitat de tractar la dent ni prendre mesures, el doctor modela el material sobre la dent pot modificar el color i la forma en una sola sessi\u00f3, realitzant el disseny d'un somriure \"de cinema\".<\/p>\n<\/div>\n<\/div><\/div><\/div><div id=\"panel-6144-1-1-2\" class=\"so-panel widget widget_sow-image\" data-index=\"8\" ><div class=\"orion default panel-widget-style panel-widget-style-for-6144-1-1-2\" ><div\n\t\t\t\n\t\t\tclass=\"so-widget-sow-image so-widget-sow-image-default-e4c2d9f6c920-6144\"\n\t\t\t\n\t\t>\n<div class=\"sow-image-container\">\n\t\t<img \n\tsrc=\"https:\/\/clinicadentalpenedes.com\/wp-content\/uploads\/2016\/10\/logo-1-1.png\" width=\"150\" height=\"46\" sizes=\"(max-width: 150px) 100vw, 150px\" title=\"logo (1)\" alt=\"densply\" \t\tclass=\"so-widget-image\"\/>\n\t<\/div>\n\n<\/div><\/div><\/div><div id=\"panel-6144-1-1-3\" class=\"so-panel widget widget_orion_empty_space_w\" data-index=\"9\" ><div class=\"orion default panel-widget-style panel-widget-style-for-6144-1-1-3\" ><div\n\t\t\t\n\t\t\tclass=\"so-widget-orion_empty_space_w so-widget-orion_empty_space_w-base\"\n\t\t\t\n\t\t>\t<div class=\"row empty-space visible-lg visible-md visible-sm visible-xs\" style=\"height:22px;\">\r\n\t<\/div><\/div><\/div><\/div><div id=\"panel-6144-1-1-4\" class=\"so-panel widget widget_sow-image panel-last-child\" data-index=\"10\" ><div class=\"orion default panel-widget-style panel-widget-style-for-6144-1-1-4\" ><div\n\t\t\t\n\t\t\tclass=\"so-widget-sow-image so-widget-sow-image-default-e4c2d9f6c920-6144\"\n\t\t\t\n\t\t>\n<div class=\"sow-image-container\">\n\t\t<img \n\tsrc=\"https:\/\/clinicadentalpenedes.com\/wp-content\/uploads\/2016\/10\/cosmedent.logo_-1.jpg\" width=\"150\" height=\"26\" srcset=\"https:\/\/clinicadentalpenedes.com\/wp-content\/uploads\/2016\/10\/cosmedent.logo_-1.jpg 2362w, https:\/\/clinicadentalpenedes.com\/wp-content\/uploads\/2016\/10\/cosmedent.logo_-1-300x52.jpg 300w, https:\/\/clinicadentalpenedes.com\/wp-content\/uploads\/2016\/10\/cosmedent.logo_-1-768x134.jpg 768w, https:\/\/clinicadentalpenedes.com\/wp-content\/uploads\/2016\/10\/cosmedent.logo_-1-1024x178.jpg 1024w, https:\/\/clinicadentalpenedes.com\/wp-content\/uploads\/2016\/10\/cosmedent.logo_-1-750x131.jpg 750w\" sizes=\"(max-width: 150px) 100vw, 150px\" title=\"cosmedent.logo_\" alt=\"cosmedent\" \t\tclass=\"so-widget-image\"\/>\n\t<\/div>\n\n<\/div><\/div><\/div><\/div><\/div><\/div><div id=\"pg-6144-2\"  class=\"panel-grid panel-has-style\" ><div class=\"divider-no-animation tablet-default mobile-1-in-row desktop-default panel-row-style panel-row-style-for-6144-2\" id=\"FILA\" ><div id=\"pgc-6144-2-0\"  class=\"panel-grid-cell\" ><div id=\"panel-6144-2-0-0\" class=\"so-panel widget widget_orion_empty_space_w panel-first-child\" data-index=\"11\" ><div class=\"orion default panel-widget-style panel-widget-style-for-6144-2-0-0\" ><div\n\t\t\t\n\t\t\tclass=\"so-widget-orion_empty_space_w so-widget-orion_empty_space_w-base\"\n\t\t\t\n\t\t>\t<div class=\"row empty-space visible-lg visible-md visible-sm visible-xs\" style=\"height:24px;\">\r\n\t<\/div><\/div><\/div><\/div><div id=\"panel-6144-2-0-1\" class=\"so-panel widget widget_orion_button_w panel-last-child\" data-index=\"12\" ><div class=\"orion default panel-widget-style panel-widget-style-for-6144-2-0-1\" ><div\n\t\t\t\n\t\t\tclass=\"so-widget-orion_button_w so-widget-orion_button_w-base\"\n\t\t\t\n\t\t>\t<div class=\"wrapper block\" style=\"text-align:center\">\r\n\r\n\t\t\t<a class=\"btn btn-c1 btn-round icon-right btn-flat btn-md\" target=_blank href=\"https:\/\/clinicadentalpenedes.com\/ca\/contacte\/\"\r\n\t\t\t   \t\t>\r\n\t\t\tDemana la teva cita<span class=\"sow-icon-fontawesome sow-far\" data-sow-icon=\"&#xf133;\"\n\t\tstyle=\"\" \n\t\taria-hidden=\"true\"><\/span>\t\t\r\n\t\t<\/a>\r\n\t\r\n<\/div>\r\n<\/div><\/div><\/div><\/div><\/div><\/div><\/div>","protected":false},"excerpt":{"rendered":"<p>Tenen l&#8217;avantatge de conservar la dent intacta i s\u00f3n m\u00e9s econ\u00f2miques.<\/p>\n","protected":false},"author":2,"featured_media":0,"parent":0,"menu_order":0,"comment_status":"closed","ping_status":"closed","template":"","meta":{"_monsterinsights_skip_tracking":false,"_monsterinsights_sitenote_active":false,"_monsterinsights_sitenote_note":"","_monsterinsights_sitenote_category":0,"footnotes":""},"yoast_head":"<!-- This site is optimized with the Yoast SEO plugin v24.2 - https:\/\/yoast.com\/wordpress\/plugins\/seo\/ -->\n<title>Facetes de composite - Dentista a Terrassa i Vilafranca - Dr. J. Ferre<\/title>\n<meta name=\"description\" content=\"Tractament d&#039;est\u00e8tica dental. Procedimient de facetes de composite a les cl\u00edniques del Dr J. Ferre Jorge. Modifica el color i la forma de les teves dents.\" \/>\n<meta name=\"robots\" content=\"index, follow, max-snippet:-1, max-image-preview:large, max-video-preview:-1\" \/>\n<link rel=\"canonical\" href=\"https:\/\/clinicadentalpenedes.com\/ca\/facetes-de-composite\/\" \/>\n<meta property=\"og:locale\" content=\"ca_ES\" \/>\n<meta property=\"og:type\" content=\"article\" \/>\n<meta property=\"og:title\" content=\"Facetes de composite - Dentista a Terrassa i Vilafranca - Dr. J. Ferre\" \/>\n<meta property=\"og:description\" content=\"Tractament d&#039;est\u00e8tica dental. Procedimient de facetes de composite a les cl\u00edniques del Dr J. Ferre Jorge. Modifica el color i la forma de les teves dents.\" \/>\n<meta property=\"og:url\" content=\"https:\/\/clinicadentalpenedes.com\/ca\/facetes-de-composite\/\" \/>\n<meta property=\"og:site_name\" content=\"Cl\u00ednica Dental Pened\u00e8s\" \/>\n<meta property=\"article:modified_time\" content=\"2018-02-09T16:29:56+00:00\" \/>\n<meta property=\"og:image\" content=\"https:\/\/clinicadentalpenedes.com\/wp-content\/uploads\/2016\/10\/AdobeStock_39068927-750x500.jpg\" \/>\n<meta name=\"twitter:card\" content=\"summary_large_image\" \/>\n<script type=\"application\/ld+json\" class=\"yoast-schema-graph\">{\"@context\":\"https:\/\/schema.org\",\"@graph\":[{\"@type\":\"WebPage\",\"@id\":\"https:\/\/clinicadentalpenedes.com\/ca\/facetes-de-composite\/\",\"url\":\"https:\/\/clinicadentalpenedes.com\/ca\/facetes-de-composite\/\",\"name\":\"Facetes de composite - Dentista a Terrassa i Vilafranca - Dr. J. Ferre\",\"isPartOf\":{\"@id\":\"https:\/\/clinicadentalpenedes.com\/#website\"},\"primaryImageOfPage\":{\"@id\":\"https:\/\/clinicadentalpenedes.com\/ca\/facetes-de-composite\/#primaryimage\"},\"image\":{\"@id\":\"https:\/\/clinicadentalpenedes.com\/ca\/facetes-de-composite\/#primaryimage\"},\"thumbnailUrl\":\"https:\/\/clinicadentalpenedes.com\/wp-content\/uploads\/2016\/10\/AdobeStock_39068927-750x500.jpg\",\"datePublished\":\"2016-10-05T12:30:38+00:00\",\"dateModified\":\"2018-02-09T16:29:56+00:00\",\"description\":\"Tractament d'est\u00e8tica dental. Procedimient de facetes de composite a les cl\u00edniques del Dr J. Ferre Jorge. Modifica el color i la forma de les teves dents.\",\"breadcrumb\":{\"@id\":\"https:\/\/clinicadentalpenedes.com\/ca\/facetes-de-composite\/#breadcrumb\"},\"inLanguage\":\"ca\",\"potentialAction\":[{\"@type\":\"ReadAction\",\"target\":[\"https:\/\/clinicadentalpenedes.com\/ca\/facetes-de-composite\/\"]}]},{\"@type\":\"ImageObject\",\"inLanguage\":\"ca\",\"@id\":\"https:\/\/clinicadentalpenedes.com\/ca\/facetes-de-composite\/#primaryimage\",\"url\":\"https:\/\/clinicadentalpenedes.com\/wp-content\/uploads\/2016\/10\/AdobeStock_39068927-750x500.jpg\",\"contentUrl\":\"https:\/\/clinicadentalpenedes.com\/wp-content\/uploads\/2016\/10\/AdobeStock_39068927-750x500.jpg\"},{\"@type\":\"BreadcrumbList\",\"@id\":\"https:\/\/clinicadentalpenedes.com\/ca\/facetes-de-composite\/#breadcrumb\",\"itemListElement\":[{\"@type\":\"ListItem\",\"position\":1,\"name\":\"Portada\",\"item\":\"https:\/\/clinicadentalpenedes.com\/ca\/\"},{\"@type\":\"ListItem\",\"position\":2,\"name\":\"Facetes de composite\"}]},{\"@type\":\"WebSite\",\"@id\":\"https:\/\/clinicadentalpenedes.com\/#website\",\"url\":\"https:\/\/clinicadentalpenedes.com\/\",\"name\":\"Cl\u00ednica Dental Pened\u00e8s\",\"description\":\"Cl\u00ednica Dental en Vilafranca del Pened\u00e8s\",\"potentialAction\":[{\"@type\":\"SearchAction\",\"target\":{\"@type\":\"EntryPoint\",\"urlTemplate\":\"https:\/\/clinicadentalpenedes.com\/?s={search_term_string}\"},\"query-input\":{\"@type\":\"PropertyValueSpecification\",\"valueRequired\":true,\"valueName\":\"search_term_string\"}}],\"inLanguage\":\"ca\"}]}<\/script>\n<!-- \/ Yoast SEO plugin. -->","yoast_head_json":{"title":"Facetes de composite - Dentista a Terrassa i Vilafranca - Dr. J. Ferre","description":"Tractament d'est\u00e8tica dental. Procedimient de facetes de composite a les cl\u00edniques del Dr J. Ferre Jorge. Modifica el color i la forma de les teves dents.","robots":{"index":"index","follow":"follow","max-snippet":"max-snippet:-1","max-image-preview":"max-image-preview:large","max-video-preview":"max-video-preview:-1"},"canonical":"https:\/\/clinicadentalpenedes.com\/ca\/facetes-de-composite\/","og_locale":"ca_ES","og_type":"article","og_title":"Facetes de composite - Dentista a Terrassa i Vilafranca - Dr. J. Ferre","og_description":"Tractament d'est\u00e8tica dental. Procedimient de facetes de composite a les cl\u00edniques del Dr J. Ferre Jorge. Modifica el color i la forma de les teves dents.","og_url":"https:\/\/clinicadentalpenedes.com\/ca\/facetes-de-composite\/","og_site_name":"Cl\u00ednica Dental Pened\u00e8s","article_modified_time":"2018-02-09T16:29:56+00:00","og_image":[{"url":"https:\/\/clinicadentalpenedes.com\/wp-content\/uploads\/2016\/10\/AdobeStock_39068927-750x500.jpg","type":"","width":"","height":""}],"twitter_card":"summary_large_image","schema":{"@context":"https:\/\/schema.org","@graph":[{"@type":"WebPage","@id":"https:\/\/clinicadentalpenedes.com\/ca\/facetes-de-composite\/","url":"https:\/\/clinicadentalpenedes.com\/ca\/facetes-de-composite\/","name":"Facetes de composite - Dentista a Terrassa i Vilafranca - Dr. J. Ferre","isPartOf":{"@id":"https:\/\/clinicadentalpenedes.com\/#website"},"primaryImageOfPage":{"@id":"https:\/\/clinicadentalpenedes.com\/ca\/facetes-de-composite\/#primaryimage"},"image":{"@id":"https:\/\/clinicadentalpenedes.com\/ca\/facetes-de-composite\/#primaryimage"},"thumbnailUrl":"https:\/\/clinicadentalpenedes.com\/wp-content\/uploads\/2016\/10\/AdobeStock_39068927-750x500.jpg","datePublished":"2016-10-05T12:30:38+00:00","dateModified":"2018-02-09T16:29:56+00:00","description":"Tractament d'est\u00e8tica dental. Procedimient de facetes de composite a les cl\u00edniques del Dr J. Ferre Jorge. Modifica el color i la forma de les teves dents.","breadcrumb":{"@id":"https:\/\/clinicadentalpenedes.com\/ca\/facetes-de-composite\/#breadcrumb"},"inLanguage":"ca","potentialAction":[{"@type":"ReadAction","target":["https:\/\/clinicadentalpenedes.com\/ca\/facetes-de-composite\/"]}]},{"@type":"ImageObject","inLanguage":"ca","@id":"https:\/\/clinicadentalpenedes.com\/ca\/facetes-de-composite\/#primaryimage","url":"https:\/\/clinicadentalpenedes.com\/wp-content\/uploads\/2016\/10\/AdobeStock_39068927-750x500.jpg","contentUrl":"https:\/\/clinicadentalpenedes.com\/wp-content\/uploads\/2016\/10\/AdobeStock_39068927-750x500.jpg"},{"@type":"BreadcrumbList","@id":"https:\/\/clinicadentalpenedes.com\/ca\/facetes-de-composite\/#breadcrumb","itemListElement":[{"@type":"ListItem","position":1,"name":"Portada","item":"https:\/\/clinicadentalpenedes.com\/ca\/"},{"@type":"ListItem","position":2,"name":"Facetes de composite"}]},{"@type":"WebSite","@id":"https:\/\/clinicadentalpenedes.com\/#website","url":"https:\/\/clinicadentalpenedes.com\/","name":"Cl\u00ednica Dental Pened\u00e8s","description":"Cl\u00ednica Dental en Vilafranca del Pened\u00e8s","potentialAction":[{"@type":"SearchAction","target":{"@type":"EntryPoint","urlTemplate":"https:\/\/clinicadentalpenedes.com\/?s={search_term_string}"},"query-input":{"@type":"PropertyValueSpecification","valueRequired":true,"valueName":"search_term_string"}}],"inLanguage":"ca"}]}},"_links":{"self":[{"href":"https:\/\/clinicadentalpenedes.com\/ca\/wp-json\/wp\/v2\/pages\/6144"}],"collection":[{"href":"https:\/\/clinicadentalpenedes.com\/ca\/wp-json\/wp\/v2\/pages"}],"about":[{"href":"https:\/\/clinicadentalpenedes.com\/ca\/wp-json\/wp\/v2\/types\/page"}],"author":[{"embeddable":true,"href":"https:\/\/clinicadentalpenedes.com\/ca\/wp-json\/wp\/v2\/users\/2"}],"replies":[{"embeddable":true,"href":"https:\/\/clinicadentalpenedes.com\/ca\/wp-json\/wp\/v2\/comments?post=6144"}],"version-history":[{"count":0,"href":"https:\/\/clinicadentalpenedes.com\/ca\/wp-json\/wp\/v2\/pages\/6144\/revisions"}],"wp:attachment":[{"href":"https:\/\/clinicadentalpenedes.com\/ca\/wp-json\/wp\/v2\/media?parent=6144"}],"curies":[{"name":"wp","href":"https:\/\/api.w.org\/{rel}","templated":true}]}}