{"id":6114,"date":"2017-05-18T12:06:37","date_gmt":"2017-05-18T12:06:37","guid":{"rendered":"https:\/\/clinicadentalpenedes.com\/contacto\/"},"modified":"2023-07-24T13:04:32","modified_gmt":"2023-07-24T13:04:32","slug":"contacte","status":"publish","type":"page","link":"https:\/\/clinicadentalpenedes.com\/ca\/contacte\/","title":{"rendered":"Demana la teva cita"},"content":{"rendered":"<div id=\"pl-6114\"  class=\"panel-layout\" ><div id=\"pg-6114-0\"  class=\"panel-grid panel-has-style\" ><div class=\"vertical_up orion-parallax siteorigin-panels-stretch orion-separator bottom-svg-3 bottom-svg-inside divider-no-animation tablet-1-in-row mobile-1-in-row desktop-default overlay-c2-c1 panel-row-style panel-row-style-for-6114-0\" data-stretch-type=\"full\" data-svg-bottom-color=\"#f8f8f8\" ><div id=\"pgc-6114-0-0\"  class=\"panel-grid-cell\" ><div id=\"panel-6114-0-0-0\" class=\"so-panel widget widget_orion_heading_w panel-first-child panel-last-child\" data-index=\"0\" ><div class=\"orion mobile-text-center default panel-widget-style panel-widget-style-for-6114-0-0-0\" ><div\n\t\t\t\n\t\t\tclass=\"so-widget-orion_heading_w so-widget-orion_heading_w-base\"\n\t\t\t\n\t\t> \r\n\t\t\t<div class=\"row orion-heading\" style=\"margin-bottom:0px;\">\r\n\t\t<div class=\"col-md-12   text-center style-h1 style-text-light\">\r\n\t\t\t<h1 class=\"text-light\">\r\n\t\t\t\t<strong>Demana la teva cita, contacta amb nosaltres!<\/strong>\t\t\t<\/h1>\r\n\t\t<\/div>\r\n\t<\/div>\r\n\r\n\t<\/div><\/div><\/div><\/div><\/div><\/div><div id=\"pg-6114-1\"  class=\"panel-grid panel-has-style\" ><div class=\"siteorigin-panels-stretch divider-no-animation tablet-default mobile-1-in-row desktop-default panel-row-style panel-row-style-for-6114-1\" data-stretch-type=\"full\" ><div id=\"pgc-6114-1-0\"  class=\"panel-grid-cell\" ><div id=\"panel-6114-1-0-0\" class=\"so-panel widget widget_orion_empty_space_w panel-first-child panel-last-child\" data-index=\"1\" ><div class=\"orion default panel-widget-style panel-widget-style-for-6114-1-0-0\" ><div\n\t\t\t\n\t\t\tclass=\"so-widget-orion_empty_space_w so-widget-orion_empty_space_w-base\"\n\t\t\t\n\t\t>\t<div class=\"row empty-space visible-lg visible-md visible-sm visible-xs\" style=\"height:24px;\">\r\n\t<\/div><\/div><\/div><\/div><\/div><\/div><\/div><div id=\"pg-6114-2\"  class=\"panel-grid panel-has-style\" ><div class=\"siteorigin-panels-stretch divider-no-animation tablet-default mobile-1-in-row desktop-default panel-row-style panel-row-style-for-6114-2\" data-stretch-type=\"full\" ><div id=\"pgc-6114-2-0\"  class=\"panel-grid-cell panel-grid-cell-empty\" ><\/div><div id=\"pgc-6114-2-1\"  class=\"panel-grid-cell panel-grid-cell-mobile-last\" ><div class=\"panel-cell-style panel-cell-style-for-6114-2-1\" ><div id=\"panel-6114-2-1-0\" class=\"so-panel widget widget_orion_empty_space_w panel-first-child\" data-index=\"2\" ><div class=\"orion default panel-widget-style panel-widget-style-for-6114-2-1-0\" ><div\n\t\t\t\n\t\t\tclass=\"so-widget-orion_empty_space_w so-widget-orion_empty_space_w-base\"\n\t\t\t\n\t\t>\t<div class=\"row empty-space visible-lg visible-md visible-sm visible-xs\" style=\"height:40px;\">\r\n\t<\/div><\/div><\/div><\/div><div id=\"panel-6114-2-1-1\" class=\"so-panel widget widget_sow-image\" data-index=\"3\" ><div class=\"orion default panel-widget-style panel-widget-style-for-6114-2-1-1\" ><div\n\t\t\t\n\t\t\tclass=\"so-widget-sow-image so-widget-sow-image-default-c67d20f9f743-6114\"\n\t\t\t\n\t\t>\n<div class=\"sow-image-container\">\n\t\t<img \n\tsrc=\"https:\/\/clinicadentalpenedes.com\/wp-content\/uploads\/2019\/01\/LOGO_clinica-penedes_white-300x187.png\" width=\"300\" height=\"187\" srcset=\"https:\/\/clinicadentalpenedes.com\/wp-content\/uploads\/2019\/01\/LOGO_clinica-penedes_white-300x187.png 300w, https:\/\/clinicadentalpenedes.com\/wp-content\/uploads\/2019\/01\/LOGO_clinica-penedes_white-768x479.png 768w, https:\/\/clinicadentalpenedes.com\/wp-content\/uploads\/2019\/01\/LOGO_clinica-penedes_white-1024x639.png 1024w, https:\/\/clinicadentalpenedes.com\/wp-content\/uploads\/2019\/01\/LOGO_clinica-penedes_white-750x468.png 750w\" sizes=\"(max-width: 300px) 100vw, 300px\" alt=\"Contacta amb Cl\u00ednica Dental Pened\u00e8s\" \t\tclass=\"so-widget-image\"\/>\n\t<\/div>\n\n<\/div><\/div><\/div><div id=\"panel-6114-2-1-2\" class=\"so-panel widget widget_orion_empty_space_w\" data-index=\"4\" ><div class=\"orion default panel-widget-style panel-widget-style-for-6114-2-1-2\" ><div\n\t\t\t\n\t\t\tclass=\"so-widget-orion_empty_space_w so-widget-orion_empty_space_w-base\"\n\t\t\t\n\t\t>\t<div class=\"row empty-space visible-lg visible-md visible-sm visible-xs\" style=\"height:10px;\">\r\n\t<\/div><\/div><\/div><\/div><div id=\"panel-6114-2-1-3\" class=\"so-panel widget widget_orion_dividers_w\" data-index=\"5\" ><div class=\"orion default panel-widget-style panel-widget-style-for-6114-2-1-3\" ><div\n\t\t\t\n\t\t\tclass=\"so-widget-orion_dividers_w so-widget-orion_dividers_w-base\"\n\t\t\t\n\t\t>\t<hr style=\"border-top-width:3px; border-top-color:rgba(242,242,242,1); border-style: solid; width: 100%;  margin-top:10px;\"><\/div><\/div><\/div><div id=\"panel-6114-2-1-4\" class=\"so-panel widget widget_sow-editor\" data-index=\"6\" ><div class=\"orion text-light panel-widget-style panel-widget-style-for-6114-2-1-4\" ><div\n\t\t\t\n\t\t\tclass=\"so-widget-sow-editor so-widget-sow-editor-base\"\n\t\t\t\n\t\t>\n<div class=\"siteorigin-widget-tinymce textwidget\">\n\t<h6><strong>Cl\u00ednica Dental Pened\u00e8s<\/strong><\/h6>\n<p>C\/ Cal Bolet, 1 \u2014 2\u00ba 2\u00aa<br \/>\n08720 Vilafranca del Pened\u00e8s<br \/>\n93 890 14 22<\/p>\n<\/div>\n<\/div><\/div><\/div><div id=\"panel-6114-2-1-5\" class=\"so-panel widget widget_orion_dividers_w\" data-index=\"7\" ><div class=\"orion default panel-widget-style panel-widget-style-for-6114-2-1-5\" ><div\n\t\t\t\n\t\t\tclass=\"so-widget-orion_dividers_w so-widget-orion_dividers_w-base\"\n\t\t\t\n\t\t>\t<hr style=\"border-top-width:3px; border-top-color:rgba(242,242,242,1); border-style: solid; width: 100%;  margin-top:10px;\"><\/div><\/div><\/div><div id=\"panel-6114-2-1-6\" class=\"so-panel widget widget_orion_icon_w\" data-index=\"8\" ><div class=\"orion custom default panel-widget-style panel-widget-style-for-6114-2-1-6\" ><div\n\t\t\t\n\t\t\tclass=\"so-widget-orion_icon_w so-widget-orion_icon_w-base\"\n\t\t\t\n\t\t><div class=\"row icon-row\">\r\n\r\n\t\t<div class=\"icon wrapper col-md-12\">\r\n\t\t\r\n\t\t\t\t\t\t\r\n\t\t\t\t\t\r\n\t\t\t\t\t\t<a href=\"https:\/\/es-la.facebook.com\/DrJFerreJorge\/\" class=\"btn btn-icon btn-wire btn btn-white btn-sm btn-round \"  style=margin-right:1px>\r\n\t\t\t\t<span class=\"sow-icon-fontawesome sow-fab\" data-sow-icon=\"&#xf39e;\"\n\t\tstyle=\"\" \n\t\taria-hidden=\"true\"><\/span>\t\t\t<\/a>\r\n\t\t\t\t\t\r\n\t\t\t\t\t\t\r\n\t\t\t\t\t\r\n\t\t\t\t\t\t<a href=\"https:\/\/www.instagram.com\/drferrejorge\/\" class=\"btn btn-icon btn-wire btn btn-white btn-sm btn-round \"  style=margin-right:1px>\r\n\t\t\t\t<span class=\"sow-icon-fontawesome sow-fab\" data-sow-icon=\"&#xf16d;\"\n\t\tstyle=\"\" \n\t\taria-hidden=\"true\"><\/span>\t\t\t<\/a>\r\n\t\t\t\t\t\r\n\t\t\t\t\t\t\r\n\t\t\t\t\t\r\n\t\t\t\t\t\t<a href=\"https:\/\/www.linkedin.com\/in\/drjorgeferre\/\" class=\"btn btn-icon btn-wire btn btn-white btn-sm btn-round \"  style=margin-right:1px>\r\n\t\t\t\t<span class=\"sow-icon-fontawesome sow-fab\" data-sow-icon=\"&#xf0e1;\"\n\t\tstyle=\"\" \n\t\taria-hidden=\"true\"><\/span>\t\t\t<\/a>\r\n\t\t\t\t\t\r\n\t\t\t\t\t\t\r\n\t\t\t\t\t\r\n\t\t\t\t\t\t<a href=\"tel:+34938901422\" class=\"btn btn-icon btn-wire btn btn-white btn-sm btn-round \"  style=margin-right:1px>\r\n\t\t\t\t<span class=\"sow-icon-eleganticons\" data-sow-icon=\"&#xe090;\"\n\t\tstyle=\"\" \n\t\taria-hidden=\"true\"><\/span>\t\t\t<\/a>\r\n\t\t\t\t\t\r\n\t\t\t\t\t\t\r\n\t\t\t\t\t\r\n\t\t\t\t\t\t<a href=\"https:\/\/wa.me\/+34636464613\" class=\"btn btn-icon btn-wire btn btn-white btn-sm btn-round \"  style=margin-right:1px>\r\n\t\t\t\t<span class=\"sow-icon-fontawesome sow-fab\" data-sow-icon=\"&#xf232;\"\n\t\tstyle=\"\" \n\t\taria-hidden=\"true\"><\/span>\t\t\t<\/a>\r\n\t\t\t\t\t\r\n\t\t\t\t\t\t\r\n\t\t\t\t\t\r\n\t\t\t\t\t\t<a href=\"https:\/\/clinicadentalpenedes.com\/contacto\/\" class=\"btn btn-icon btn-wire btn btn-white btn-sm btn-round \"  style=margin-right:1px>\r\n\t\t\t\t<span class=\"sow-icon-fontawesome sow-fas\" data-sow-icon=\"&#xf0e0;\"\n\t\tstyle=\"\" \n\t\taria-hidden=\"true\"><\/span>\t\t\t<\/a>\r\n\t\t\t\t\t\r\n\t\t\t\t\t\t\r\n\t\t\t\t\t\r\n\t\t\t\t\t\t<a href=\"https:\/\/goo.gl\/maps\/WktuXxKvXQzpFhnY7\" class=\"btn btn-icon btn-wire btn btn-white btn-sm btn-round \"  style=margin-right:1px>\r\n\t\t\t\t<span class=\"sow-icon-fontawesome sow-fas\" data-sow-icon=\"&#xf3c5;\"\n\t\tstyle=\"\" \n\t\taria-hidden=\"true\"><\/span>\t\t\t<\/a>\r\n\t\t\t\t\t\t<\/div>\r\n<\/div><\/div><\/div><\/div><div id=\"panel-6114-2-1-7\" class=\"so-panel widget widget_orion_dividers_w\" data-index=\"9\" ><div class=\"orion default panel-widget-style panel-widget-style-for-6114-2-1-7\" ><div\n\t\t\t\n\t\t\tclass=\"so-widget-orion_dividers_w so-widget-orion_dividers_w-base\"\n\t\t\t\n\t\t>\t<hr style=\"border-top-width:3px; border-top-color:rgba(242,242,242,1); border-style: solid; width: 100%;  margin-top:10px;\"><\/div><\/div><\/div><div id=\"panel-6114-2-1-8\" class=\"so-panel widget widget_orion_empty_space_w\" data-index=\"10\" ><div class=\"orion default panel-widget-style panel-widget-style-for-6114-2-1-8\" ><div\n\t\t\t\n\t\t\tclass=\"so-widget-orion_empty_space_w so-widget-orion_empty_space_w-base\"\n\t\t\t\n\t\t>\t<div class=\"row empty-space visible-lg visible-md visible-sm visible-xs\" style=\"height:30px;\">\r\n\t<\/div><\/div><\/div><\/div><div id=\"panel-6114-2-1-9\" class=\"so-panel widget widget_sow-editor\" data-index=\"11\" ><div class=\"orion custom text-light panel-widget-style panel-widget-style-for-6114-2-1-9\" ><div\n\t\t\t\n\t\t\tclass=\"so-widget-sow-editor so-widget-sow-editor-base\"\n\t\t\t\n\t\t>\n<div class=\"siteorigin-widget-tinymce textwidget\">\n\t<h2 style=\"text-align: center;\">Demana la teva cita<\/h2>\n<p style=\"text-align: justify;\">Tens dubtes sobre algun dels nostres tractaments? Vols fer-nos una consulta? Necessites demanar cita? posa't en <strong>contacte amb nosaltres<\/strong> al tel\u00e8fon\u00a0<strong><a style=\"color:#ffffff!important;\" href=\"tel:+34938901422\">93 890 14 22<\/a><\/strong>.<\/p>\n<p style=\"text-align: justify;\">O si ho prefereixes, tamb\u00e9 pots contactar amb nosaltres a trav\u00e9s del nostre <a style=\"color:#ffffff!important;\" href=\"https:\/\/wa.me\/+34636464613\"><strong>WhatsApp<\/strong><\/a> i et trucarem amb la m\u00e0xima brevetat.<br \/>\nRecorda que el nostre horari \u00e9s de <strong>dilluns a divendres de 09.00h a 21.00h.<\/strong><\/p>\n<p style=\"text-align: justify;\"><strong>La primera visita no t\u00e9 cost<\/strong>. Vine a con\u00e8ixer-nos i deixa que et sorprenguem!.<\/p>\n<\/div>\n<\/div><\/div><\/div><div id=\"panel-6114-2-1-10\" class=\"so-panel widget widget_orion_empty_space_w\" data-index=\"12\" ><div class=\"orion default panel-widget-style panel-widget-style-for-6114-2-1-10\" ><div\n\t\t\t\n\t\t\tclass=\"so-widget-orion_empty_space_w so-widget-orion_empty_space_w-base\"\n\t\t\t\n\t\t>\t<div class=\"row empty-space visible-lg visible-md visible-sm visible-xs\" style=\"height:17px;\">\r\n\t<\/div><\/div><\/div><\/div><div id=\"panel-6114-2-1-11\" class=\"so-panel widget widget_orion_dividers_w\" data-index=\"13\" ><div class=\"orion default panel-widget-style panel-widget-style-for-6114-2-1-11\" ><div\n\t\t\t\n\t\t\tclass=\"so-widget-orion_dividers_w so-widget-orion_dividers_w-base\"\n\t\t\t\n\t\t>\t<hr style=\"border-top-width:3px; border-top-color:rgba(242,242,242,1); border-style: solid; width: 100%;  margin-top:10px;\"><\/div><\/div><\/div><div id=\"panel-6114-2-1-12\" class=\"so-panel widget widget_orion_empty_space_w\" data-index=\"14\" ><div class=\"orion default panel-widget-style panel-widget-style-for-6114-2-1-12\" ><div\n\t\t\t\n\t\t\tclass=\"so-widget-orion_empty_space_w so-widget-orion_empty_space_w-base\"\n\t\t\t\n\t\t>\t<div class=\"row empty-space visible-lg visible-md visible-sm visible-xs\" style=\"height:5px;\">\r\n\t<\/div><\/div><\/div><\/div><div id=\"panel-6114-2-1-13\" class=\"so-panel widget widget_sow-editor\" data-index=\"15\" ><div class=\"orion text-light panel-widget-style panel-widget-style-for-6114-2-1-13\" ><div\n\t\t\t\n\t\t\tclass=\"so-widget-sow-editor so-widget-sow-editor-base\"\n\t\t\t\n\t\t>\n<div class=\"siteorigin-widget-tinymce textwidget\">\n\t<h6 style=\"text-align: center;\"><strong>Des de Cl\u00ednica Dental Pened\u00e8s recomanem<\/strong><\/h6>\n<p style=\"text-align: center;\">Tant si \u00e9s la primera vegada que vens a la nostra consulta, com si vas a<br \/>\nla teva revisi\u00f3 anual, et recomanem que omplis els seg\u00fcents formularis:<\/p>\n<\/div>\n<\/div><\/div><\/div><div id=\"panel-6114-2-1-14\" class=\"so-panel widget widget_orion_empty_space_w\" data-index=\"16\" ><div class=\"orion default panel-widget-style panel-widget-style-for-6114-2-1-14\" ><div\n\t\t\t\n\t\t\tclass=\"so-widget-orion_empty_space_w so-widget-orion_empty_space_w-base\"\n\t\t\t\n\t\t>\t<div class=\"row empty-space visible-lg visible-md visible-sm visible-xs\" style=\"height:5px;\">\r\n\t<\/div><\/div><\/div><\/div><div id=\"panel-6114-2-1-15\" class=\"so-panel widget widget_orion_button_w\" data-index=\"17\" ><div class=\"orion default panel-widget-style panel-widget-style-for-6114-2-1-15\" ><div\n\t\t\t\n\t\t\tclass=\"so-widget-orion_button_w so-widget-orion_button_w-base\"\n\t\t\t\n\t\t>\r\n\t\t\t<a class=\"btn btn-c1 icon-left btn-flat btn-md block\"  href=\"https:\/\/clinicadentalpenedes.com\/wp-content\/uploads\/2017\/05\/CUESTIONARIO-DE-SALUD-PENEDES-CAT.doc.pdf\"\r\n\t\t\t   \t\t>\r\n\t\t\t<span class=\"sow-icon-fontawesome sow-fas\" data-sow-icon=\"&#xf1c1;\"\n\t\tstyle=\"\" \n\t\taria-hidden=\"true\"><\/span>Q\u00dcESTIONARI DE SALUT\t\t\r\n\t\t<\/a>\r\n\t\r\n<\/div><\/div><\/div><div id=\"panel-6114-2-1-16\" class=\"so-panel widget widget_orion_button_w\" data-index=\"18\" ><div class=\"orion default panel-widget-style panel-widget-style-for-6114-2-1-16\" ><div\n\t\t\t\n\t\t\tclass=\"so-widget-orion_button_w so-widget-orion_button_w-base\"\n\t\t\t\n\t\t>\r\n\t\t\t<a class=\"btn btn-c1 icon-left btn-flat btn-md block\"  href=\"https:\/\/clinicadentalpenedes.com\/wp-content\/uploads\/2017\/05\/LOPD-PENEDES-CAT.pdf\"\r\n\t\t\t   \t\t>\r\n\t\t\t<span class=\"sow-icon-fontawesome sow-fas\" data-sow-icon=\"&#xf1c1;\"\n\t\tstyle=\"\" \n\t\taria-hidden=\"true\"><\/span>CONFIDENCIALITAT DE DADES\t\t\r\n\t\t<\/a>\r\n\t\r\n<\/div><\/div><\/div><div id=\"panel-6114-2-1-17\" class=\"so-panel widget widget_orion_empty_space_w\" data-index=\"19\" ><div class=\"orion default panel-widget-style panel-widget-style-for-6114-2-1-17\" ><div\n\t\t\t\n\t\t\tclass=\"so-widget-orion_empty_space_w so-widget-orion_empty_space_w-base\"\n\t\t\t\n\t\t>\t<div class=\"row empty-space visible-lg visible-md visible-sm visible-xs\" style=\"height:40px;\">\r\n\t<\/div><\/div><\/div><\/div><div id=\"panel-6114-2-1-18\" class=\"so-panel widget widget_orion_empty_space_w panel-last-child\" data-index=\"20\" ><div class=\"orion default panel-widget-style panel-widget-style-for-6114-2-1-18\" ><div\n\t\t\t\n\t\t\tclass=\"so-widget-orion_empty_space_w so-widget-orion_empty_space_w-base\"\n\t\t\t\n\t\t>\t<div class=\"row empty-space visible-lg visible-md\" style=\"height:20px;\">\r\n\t<\/div><\/div><\/div><\/div><\/div><\/div><div id=\"pgc-6114-2-2\"  class=\"panel-grid-cell panel-grid-cell-empty\" ><\/div><\/div><\/div><div id=\"pg-6114-3\"  class=\"panel-grid panel-has-style\" ><div class=\"siteorigin-panels-stretch divider-no-animation tablet-default mobile-1-in-row desktop-default panel-row-style panel-row-style-for-6114-3\" data-stretch-type=\"full\" ><div id=\"pgc-6114-3-0\"  class=\"panel-grid-cell\" ><div id=\"panel-6114-3-0-0\" class=\"so-panel widget widget_orion_empty_space_w panel-first-child panel-last-child\" data-index=\"21\" ><div class=\"orion default panel-widget-style panel-widget-style-for-6114-3-0-0\" ><div\n\t\t\t\n\t\t\tclass=\"so-widget-orion_empty_space_w so-widget-orion_empty_space_w-base\"\n\t\t\t\n\t\t>\t<div class=\"row empty-space visible-lg visible-md visible-sm visible-xs\" style=\"height:24px;\">\r\n\t<\/div><\/div><\/div><\/div><\/div><\/div><\/div><div id=\"pg-6114-4\"  class=\"panel-grid panel-has-style\" ><div class=\"siteorigin-panels-stretch divider-no-animation tablet-default mobile-1-in-row desktop-default panel-row-style panel-row-style-for-6114-4\" data-stretch-type=\"full-stretched\" ><div id=\"pgc-6114-4-0\"  class=\"panel-grid-cell\" ><div id=\"panel-6114-4-0-0\" class=\"so-panel widget widget_sow-editor panel-first-child\" data-index=\"22\" ><div class=\"orion default panel-widget-style panel-widget-style-for-6114-4-0-0\" ><div\n\t\t\t\n\t\t\tclass=\"so-widget-sow-editor so-widget-sow-editor-base\"\n\t\t\t\n\t\t>\n<div class=\"siteorigin-widget-tinymce textwidget\">\n\t<p><iframe loading=\"lazy\" src=\"https:\/\/www.google.com\/maps\/embed?pb=!1m14!1m8!1m3!1d11981.1337578809!2d1.6950355!3d41.3461926!3m2!1i1024!2i768!4f13.1!3m3!1m2!1s0x0%3A0xe2c0b4d865bdfe3b!2sCl%C3%ADnica+Dental+Pened%C3%A8s!5e0!3m2!1ses!2ses!4v1556191920265!5m2!1ses!2ses\" width=\"100%\" height=\"600\" frameborder=\"0\" style=\"border:0\" allowfullscreen><\/iframe><\/p>\n<\/div>\n<\/div><\/div><\/div><div id=\"panel-6114-4-0-1\" class=\"so-panel widget widget_orion_empty_space_w panel-last-child\" data-index=\"23\" ><div class=\"orion custom default panel-widget-style panel-widget-style-for-6114-4-0-1\" ><div\n\t\t\t\n\t\t\tclass=\"so-widget-orion_empty_space_w so-widget-orion_empty_space_w-base\"\n\t\t\t\n\t\t>\t<div class=\"row empty-space visible-lg visible-md visible-sm visible-xs\" style=\"height:115px;\">\r\n\t<\/div><\/div><\/div><\/div><\/div><\/div><\/div><\/div>","protected":false},"excerpt":{"rendered":"<p>Demana la teva cita, contacta amb nosaltres! Cl\u00ednica Dental Pened\u00e8s C\/ Cal Bolet, 1 \u2014 2\u00ba 2\u00aa 08720 Vilafranca del Pened\u00e8s 93 890 14 22 Demana la teva cita Tens dubtes sobre algun dels nostres tractaments? Vols fer-nos una consulta? Necessites demanar cita? posa&#8217;t en contacte amb nosaltres al tel\u00e8fon\u00a093 890 14 22. O si<\/p>\n","protected":false},"author":2,"featured_media":0,"parent":0,"menu_order":0,"comment_status":"closed","ping_status":"closed","template":"","meta":{"_monsterinsights_skip_tracking":false,"_monsterinsights_sitenote_active":false,"_monsterinsights_sitenote_note":"","_monsterinsights_sitenote_category":0,"footnotes":""},"yoast_head":"<!-- This site is optimized with the Yoast SEO plugin v24.2 - https:\/\/yoast.com\/wordpress\/plugins\/seo\/ -->\n<title>Cl\u00ednica Dental Pened\u00e8s \u2013 Contacte \u2013 Contacta amb nosaltres ara!<\/title>\n<meta name=\"description\" content=\"Posa&#039;t en contacte amb nosaltres per demanar la teva primera cita. Troba la millor cl\u00ednica de Medicina i Est\u00e8tica Dental a Vilafranca del Pened\u00e8s.\" \/>\n<meta name=\"robots\" content=\"index, follow, max-snippet:-1, max-image-preview:large, max-video-preview:-1\" \/>\n<link rel=\"canonical\" href=\"https:\/\/clinicadentalpenedes.com\/ca\/contacte\/\" \/>\n<meta property=\"og:locale\" content=\"ca_ES\" \/>\n<meta property=\"og:type\" content=\"article\" \/>\n<meta property=\"og:title\" content=\"Cl\u00ednica Dental Pened\u00e8s \u2013 Contacte \u2013 Contacta amb nosaltres ara!\" \/>\n<meta property=\"og:description\" content=\"Posa&#039;t en contacte amb nosaltres per demanar la teva primera cita. Troba la millor cl\u00ednica de Medicina i Est\u00e8tica Dental a Vilafranca del Pened\u00e8s.\" \/>\n<meta property=\"og:url\" content=\"https:\/\/clinicadentalpenedes.com\/ca\/contacte\/\" \/>\n<meta property=\"og:site_name\" content=\"Cl\u00ednica Dental Pened\u00e8s\" \/>\n<meta property=\"article:modified_time\" content=\"2023-07-24T13:04:32+00:00\" \/>\n<meta name=\"twitter:card\" content=\"summary_large_image\" \/>\n<meta name=\"twitter:label1\" content=\"Temps estimat de lectura\" \/>\n\t<meta name=\"twitter:data1\" content=\"2 minuts\" \/>\n<script type=\"application\/ld+json\" class=\"yoast-schema-graph\">{\"@context\":\"https:\/\/schema.org\",\"@graph\":[{\"@type\":\"WebPage\",\"@id\":\"https:\/\/clinicadentalpenedes.com\/ca\/contacte\/\",\"url\":\"https:\/\/clinicadentalpenedes.com\/ca\/contacte\/\",\"name\":\"Cl\u00ednica Dental Pened\u00e8s \u2013 Contacte \u2013 Contacta amb nosaltres ara!\",\"isPartOf\":{\"@id\":\"https:\/\/clinicadentalpenedes.com\/#website\"},\"datePublished\":\"2017-05-18T12:06:37+00:00\",\"dateModified\":\"2023-07-24T13:04:32+00:00\",\"description\":\"Posa't en contacte amb nosaltres per demanar la teva primera cita. Troba la millor cl\u00ednica de Medicina i Est\u00e8tica Dental a Vilafranca del Pened\u00e8s.\",\"breadcrumb\":{\"@id\":\"https:\/\/clinicadentalpenedes.com\/ca\/contacte\/#breadcrumb\"},\"inLanguage\":\"ca\",\"potentialAction\":[{\"@type\":\"ReadAction\",\"target\":[\"https:\/\/clinicadentalpenedes.com\/ca\/contacte\/\"]}]},{\"@type\":\"BreadcrumbList\",\"@id\":\"https:\/\/clinicadentalpenedes.com\/ca\/contacte\/#breadcrumb\",\"itemListElement\":[{\"@type\":\"ListItem\",\"position\":1,\"name\":\"Portada\",\"item\":\"https:\/\/clinicadentalpenedes.com\/ca\/\"},{\"@type\":\"ListItem\",\"position\":2,\"name\":\"Demana la teva cita\"}]},{\"@type\":\"WebSite\",\"@id\":\"https:\/\/clinicadentalpenedes.com\/#website\",\"url\":\"https:\/\/clinicadentalpenedes.com\/\",\"name\":\"Cl\u00ednica Dental Pened\u00e8s\",\"description\":\"Cl\u00ednica Dental en Vilafranca del Pened\u00e8s\",\"potentialAction\":[{\"@type\":\"SearchAction\",\"target\":{\"@type\":\"EntryPoint\",\"urlTemplate\":\"https:\/\/clinicadentalpenedes.com\/?s={search_term_string}\"},\"query-input\":{\"@type\":\"PropertyValueSpecification\",\"valueRequired\":true,\"valueName\":\"search_term_string\"}}],\"inLanguage\":\"ca\"}]}<\/script>\n<!-- \/ Yoast SEO plugin. -->","yoast_head_json":{"title":"Cl\u00ednica Dental Pened\u00e8s \u2013 Contacte \u2013 Contacta amb nosaltres ara!","description":"Posa't en contacte amb nosaltres per demanar la teva primera cita. Troba la millor cl\u00ednica de Medicina i Est\u00e8tica Dental a Vilafranca del Pened\u00e8s.","robots":{"index":"index","follow":"follow","max-snippet":"max-snippet:-1","max-image-preview":"max-image-preview:large","max-video-preview":"max-video-preview:-1"},"canonical":"https:\/\/clinicadentalpenedes.com\/ca\/contacte\/","og_locale":"ca_ES","og_type":"article","og_title":"Cl\u00ednica Dental Pened\u00e8s \u2013 Contacte \u2013 Contacta amb nosaltres ara!","og_description":"Posa't en contacte amb nosaltres per demanar la teva primera cita. Troba la millor cl\u00ednica de Medicina i Est\u00e8tica Dental a Vilafranca del Pened\u00e8s.","og_url":"https:\/\/clinicadentalpenedes.com\/ca\/contacte\/","og_site_name":"Cl\u00ednica Dental Pened\u00e8s","article_modified_time":"2023-07-24T13:04:32+00:00","twitter_card":"summary_large_image","twitter_misc":{"Temps estimat de lectura":"2 minuts"},"schema":{"@context":"https:\/\/schema.org","@graph":[{"@type":"WebPage","@id":"https:\/\/clinicadentalpenedes.com\/ca\/contacte\/","url":"https:\/\/clinicadentalpenedes.com\/ca\/contacte\/","name":"Cl\u00ednica Dental Pened\u00e8s \u2013 Contacte \u2013 Contacta amb nosaltres ara!","isPartOf":{"@id":"https:\/\/clinicadentalpenedes.com\/#website"},"datePublished":"2017-05-18T12:06:37+00:00","dateModified":"2023-07-24T13:04:32+00:00","description":"Posa't en contacte amb nosaltres per demanar la teva primera cita. Troba la millor cl\u00ednica de Medicina i Est\u00e8tica Dental a Vilafranca del Pened\u00e8s.","breadcrumb":{"@id":"https:\/\/clinicadentalpenedes.com\/ca\/contacte\/#breadcrumb"},"inLanguage":"ca","potentialAction":[{"@type":"ReadAction","target":["https:\/\/clinicadentalpenedes.com\/ca\/contacte\/"]}]},{"@type":"BreadcrumbList","@id":"https:\/\/clinicadentalpenedes.com\/ca\/contacte\/#breadcrumb","itemListElement":[{"@type":"ListItem","position":1,"name":"Portada","item":"https:\/\/clinicadentalpenedes.com\/ca\/"},{"@type":"ListItem","position":2,"name":"Demana la teva cita"}]},{"@type":"WebSite","@id":"https:\/\/clinicadentalpenedes.com\/#website","url":"https:\/\/clinicadentalpenedes.com\/","name":"Cl\u00ednica Dental Pened\u00e8s","description":"Cl\u00ednica Dental en Vilafranca del Pened\u00e8s","potentialAction":[{"@type":"SearchAction","target":{"@type":"EntryPoint","urlTemplate":"https:\/\/clinicadentalpenedes.com\/?s={search_term_string}"},"query-input":{"@type":"PropertyValueSpecification","valueRequired":true,"valueName":"search_term_string"}}],"inLanguage":"ca"}]}},"_links":{"self":[{"href":"https:\/\/clinicadentalpenedes.com\/ca\/wp-json\/wp\/v2\/pages\/6114"}],"collection":[{"href":"https:\/\/clinicadentalpenedes.com\/ca\/wp-json\/wp\/v2\/pages"}],"about":[{"href":"https:\/\/clinicadentalpenedes.com\/ca\/wp-json\/wp\/v2\/types\/page"}],"author":[{"embeddable":true,"href":"https:\/\/clinicadentalpenedes.com\/ca\/wp-json\/wp\/v2\/users\/2"}],"replies":[{"embeddable":true,"href":"https:\/\/clinicadentalpenedes.com\/ca\/wp-json\/wp\/v2\/comments?post=6114"}],"version-history":[{"count":4,"href":"https:\/\/clinicadentalpenedes.com\/ca\/wp-json\/wp\/v2\/pages\/6114\/revisions"}],"predecessor-version":[{"id":14419,"href":"https:\/\/clinicadentalpenedes.com\/ca\/wp-json\/wp\/v2\/pages\/6114\/revisions\/14419"}],"wp:attachment":[{"href":"https:\/\/clinicadentalpenedes.com\/ca\/wp-json\/wp\/v2\/media?parent=6114"}],"curies":[{"name":"wp","href":"https:\/\/api.w.org\/{rel}","templated":true}]}}