{"id":13683,"date":"2019-05-06T17:06:07","date_gmt":"2019-05-06T17:06:07","guid":{"rendered":"https:\/\/clinicadentalpenedes.com\/estetica-dental\/"},"modified":"2023-01-25T12:47:29","modified_gmt":"2023-01-25T12:47:29","slug":"estetica-dental","status":"publish","type":"page","link":"https:\/\/clinicadentalpenedes.com\/ca\/estetica-dental\/","title":{"rendered":"Est\u00e8tica dental"},"content":{"rendered":"<div id=\"pl-13683\"  class=\"panel-layout\" ><div id=\"pg-13683-0\"  class=\"panel-grid panel-has-style\" ><div class=\"vertical_down orion-parallax siteorigin-panels-stretch orion-separator bottom-svg-3 bottom-svg-inside divider-no-animation tablet-1-in-row mobile-1-in-row desktop-default overlay-c2-c1 panel-row-style panel-row-style-for-13683-0\" data-stretch-type=\"full\" ><div id=\"pgc-13683-0-0\"  class=\"panel-grid-cell\" ><div id=\"panel-13683-0-0-0\" class=\"so-panel widget widget_orion_heading_w panel-first-child panel-last-child\" data-index=\"0\" ><div class=\"orion mobile-text-center default panel-widget-style panel-widget-style-for-13683-0-0-0\" ><div\n\t\t\t\n\t\t\tclass=\"so-widget-orion_heading_w so-widget-orion_heading_w-base\"\n\t\t\t\n\t\t> \r\n\t\t\t<div class=\"row orion-heading\" style=\"margin-bottom:0px;\">\r\n\t\t<div class=\"col-md-12   text-center style-h1 style-text-light\">\r\n\t\t\t<h1 class=\"text-light\">\r\n\t\t\t\t<strong>El somriure que somiaves est\u00e0 molt a prop<\/strong>\t\t\t<\/h1>\r\n\t\t<\/div>\r\n\t<\/div>\r\n\r\n\t<\/div><\/div><\/div><\/div><\/div><\/div><div id=\"pg-13683-1\"  class=\"panel-grid panel-has-style\" ><div class=\"siteorigin-panels-stretch divider-no-animation tablet-default mobile-1-in-row desktop-default panel-row-style panel-row-style-for-13683-1\" data-stretch-type=\"full\" ><div id=\"pgc-13683-1-0\"  class=\"panel-grid-cell\" ><div id=\"panel-13683-1-0-0\" class=\"so-panel widget widget_orion_empty_space_w panel-first-child\" data-index=\"1\" ><div class=\"orion default panel-widget-style panel-widget-style-for-13683-1-0-0\" ><div\n\t\t\t\n\t\t\tclass=\"so-widget-orion_empty_space_w so-widget-orion_empty_space_w-base\"\n\t\t\t\n\t\t>\t<div class=\"row empty-space visible-sm visible-xs\" style=\"height:40px;\">\r\n\t<\/div><\/div><\/div><\/div><div id=\"panel-13683-1-0-1\" class=\"so-panel widget widget_orion_heading_w\" data-index=\"2\" ><div class=\"orion default panel-widget-style panel-widget-style-for-13683-1-0-1\" ><div\n\t\t\t\n\t\t\tclass=\"so-widget-orion_heading_w so-widget-orion_heading_w-base\"\n\t\t\t\n\t\t> \r\n\t\t\t<div class=\"row orion-heading\" style=\"margin-bottom:0px;\">\r\n\t\t<div class=\"col-md-12  separator-style-1 text-left style-h3 style-primary-color\">\r\n\t\t\t<h3 class=\"primary-color text-uppercase\">\r\n\t\t\t\t<strong>Est\u00e8tica Dental \u2013 Disseny del somriure<\/strong>\t\t\t<\/h3>\r\n\t\t<\/div>\r\n\t<\/div>\r\n\r\n\t<\/div><\/div><\/div><div id=\"panel-13683-1-0-2\" class=\"so-panel widget widget_sow-editor\" data-index=\"3\" ><div class=\"orion default panel-widget-style panel-widget-style-for-13683-1-0-2\" ><div\n\t\t\t\n\t\t\tclass=\"so-widget-sow-editor so-widget-sow-editor-base\"\n\t\t\t\n\t\t>\n<div class=\"siteorigin-widget-tinymce textwidget\">\n\t<p style=\"text-align: justify;\">Amb els materials m\u00e9s avan\u00e7ats podem reproduir les propietats mec\u00e0niques i est\u00e8tiques de les estructures naturals de la dent, l'esmalt i la dentina, d'aquesta manera realitzem una biomim\u00e8tica de la natura, de manera que \u00e9s dif\u00edcil distingir el natural de l'artificial, a aix\u00f2 tamb\u00e9 es diu <strong>odontologia invisible<\/strong>.<\/p>\n<p style=\"text-align: justify;\">La combinaci\u00f3 dels <strong>nous comp\u00f2sits amb part\u00edcules cer\u00e0miques<\/strong> i de les noves cer\u00e0miques d'alta resist\u00e8ncia, zirconi o disilicat de liti, <strong>permet reproduir el color, forma i funci\u00f3 de les dents imitant la natura<\/strong>.<\/p>\n<p style=\"text-align: justify;\">D'aquesta manera realitzem un tractament est\u00e8tic de les c\u00e0ries amb composite (esmalt artificial) del color de la seva dent, evitant l'\u00fas d'amalgama met\u00e0l\u00b7lica. Es poden canviar els empastaments vells met\u00e0l\u00b7lics i negres per empastaments blancs de comp\u00f2sit o incrustacions. Aix\u00f2 ho fem en casos d'est\u00e8tica o d'intoler\u00e0ncia energ\u00e8tica als metalls.<\/p>\n<p style=\"text-align: justify;\">Amb els nous materials de qu\u00e8 disposem es poden tractar els petits indicis de c\u00e0ries de forma preco\u00e7 i <strong>molt conservadora (odontologia m\u00ednimament invasiva)<\/strong> per a l'estructura dental, evitant el desenvolupament de lesions m\u00e9s grans que produeixen sensibilitat.<\/p>\n<\/div>\n<\/div><\/div><\/div><div id=\"panel-13683-1-0-3\" class=\"so-panel widget widget_orion_empty_space_w panel-last-child\" data-index=\"4\" ><div class=\"orion default panel-widget-style panel-widget-style-for-13683-1-0-3\" ><div\n\t\t\t\n\t\t\tclass=\"so-widget-orion_empty_space_w so-widget-orion_empty_space_w-base\"\n\t\t\t\n\t\t>\t<div class=\"row empty-space visible-sm visible-xs\" style=\"height:40px;\">\r\n\t<\/div><\/div><\/div><\/div><\/div><\/div><\/div><div id=\"pg-13683-2\"  class=\"panel-grid panel-has-style\" ><div class=\"siteorigin-panels-stretch orion-separator bottom-svg-1 bottom-svg-outside divider-no-animation tablet-default mobile-1-in-row desktop-default panel-row-style panel-row-style-for-13683-2\" data-stretch-type=\"full-stretched\" data-svg-bottom-color=\"#f8f8f8\" ><div id=\"pgc-13683-2-0\"  class=\"panel-grid-cell\" ><div id=\"panel-13683-2-0-0\" class=\"so-panel widget widget_orion_heading_w panel-first-child panel-last-child\" data-index=\"5\" ><div class=\"orion default panel-widget-style panel-widget-style-for-13683-2-0-0\" ><div\n\t\t\t\n\t\t\tclass=\"so-widget-orion_heading_w so-widget-orion_heading_w-base\"\n\t\t\t\n\t\t> \r\n\t\t\t<div class=\"row orion-heading\" style=\"margin-bottom:0px;\">\r\n\t\t<div class=\"col-md-12  separator-style-1 text-center style-h3 style-primary-color\">\r\n\t\t\t<h3 class=\"primary-color text-uppercase\">\r\n\t\t\t\t<strong>Tractaments d'Est\u00e8tica Dental a Vilafranca del Pened\u00e8s<\/strong>\t\t\t<\/h3>\r\n\t\t<\/div>\r\n\t<\/div>\r\n\r\n\t<\/div><\/div><\/div><\/div><\/div><\/div><div id=\"pg-13683-3\"  class=\"panel-grid panel-has-style\" ><div class=\"fixed-bg siteorigin-panels-stretch divider-no-animation tablet-default mobile-1-in-row desktop-default overlay-c1-t panel-row-style panel-row-style-for-13683-3\" data-stretch-type=\"full\" ><div id=\"pgc-13683-3-0\"  class=\"panel-grid-cell\" ><div class=\"panel-cell-style panel-cell-style-for-13683-3-0\" ><div id=\"panel-13683-3-0-0\" class=\"so-panel widget widget_orion_empty_space_w panel-first-child\" data-index=\"6\" ><div class=\"orion default panel-widget-style panel-widget-style-for-13683-3-0-0\" ><div\n\t\t\t\n\t\t\tclass=\"so-widget-orion_empty_space_w so-widget-orion_empty_space_w-base\"\n\t\t\t\n\t\t>\t<div class=\"row empty-space visible-lg visible-md\" style=\"height:20px;\">\r\n\t<\/div><\/div><\/div><\/div><div id=\"panel-13683-3-0-1\" class=\"so-panel widget widget_orion_heading_w\" data-index=\"7\" ><div class=\"orion default panel-widget-style panel-widget-style-for-13683-3-0-1\" ><div\n\t\t\t\n\t\t\tclass=\"so-widget-orion_heading_w so-widget-orion_heading_w-base\"\n\t\t\t\n\t\t> \r\n\t\t\t<div class=\"row orion-heading\" style=\"margin-bottom:0px;\">\r\n\t\t<div class=\"col-md-12   text-left style-h1 style-text-light\">\r\n\t\t\t<h1 class=\"text-light\">\r\n\t\t\t\t<strong>Blanquejament Dental<\/strong>\t\t\t<\/h1>\r\n\t\t<\/div>\r\n\t<\/div>\r\n\r\n\t<\/div><\/div><\/div><div id=\"panel-13683-3-0-2\" class=\"so-panel widget widget_orion_dividers_w\" data-index=\"8\" ><div class=\"orion default panel-widget-style panel-widget-style-for-13683-3-0-2\" ><div\n\t\t\t\n\t\t\tclass=\"so-widget-orion_dividers_w so-widget-orion_dividers_w-base\"\n\t\t\t\n\t\t>\t<hr style=\"border-top-width:3px; border-top-color:rgba(255,255,255,1); border-style: solid; width: 100%;  margin-top: 0;\"><\/div><\/div><\/div><div id=\"panel-13683-3-0-3\" class=\"so-panel widget widget_orion_before_after_w\" data-index=\"9\" ><div class=\"orion default shadow-1 panel-widget-style panel-widget-style-for-13683-3-0-3\" ><div\n\t\t\t\n\t\t\tclass=\"so-widget-orion_before_after_w so-widget-orion_before_after_w-base\"\n\t\t\t\n\t\t>\t<div class=\"twentytwenty-container orion-before-after overlay-none overlay-hover-none handle-transparent\" id=\"ba_69f2216028d1f\">\r\n\t\t\t<img decoding=\"async\" src=\"https:\/\/clinicadentalpenedes.com\/wp-content\/uploads\/2017\/06\/Blanqueamiento-Dental_ANTES-.jpg\" \r\n\t\t\tclass=\"before\" \r\n\t\t\t\t\t\t\/>\t\r\n\t\t\t\t\t\t<img decoding=\"async\" src=\"https:\/\/clinicadentalpenedes.com\/wp-content\/uploads\/2017\/06\/Blanqueamiento-Dental_DESPUES-.jpg\" class=\"after\" \r\n\t\t\t\t\t\t\/>\r\n\t\t\t\t\t\r\n\t\t<div class=\"overlay\"><\/div>\r\n\t<\/div>\r\n\r\n\t<script>\r\n\tjQuery(window).on('load',function(){\r\n\t\tjQuery(\"#ba_69f2216028d1f\").twentytwenty({\r\n\t\t\tdefault_offset_pct: 0.5, \r\n\t\t\torientation: 'horizontal', \r\n\t\t});\r\n\t});\r\n\t<\/script> <\/div><\/div><\/div><div id=\"panel-13683-3-0-4\" class=\"so-panel widget widget_sow-editor\" data-index=\"10\" ><div class=\"orion text-light panel-widget-style panel-widget-style-for-13683-3-0-4\" ><div\n\t\t\t\n\t\t\tclass=\"so-widget-sow-editor so-widget-sow-editor-base\"\n\t\t\t\n\t\t>\n<div class=\"siteorigin-widget-tinymce textwidget\">\n\t<p style=\"text-align: justify;\">Dents, <em><strong>Abans &amp; Despr\u00e9s<\/strong><\/em> del tractament.<\/p>\n<\/div>\n<\/div><\/div><\/div><div id=\"panel-13683-3-0-5\" class=\"so-panel widget widget_orion_empty_space_w panel-last-child\" data-index=\"11\" ><div class=\"orion default panel-widget-style panel-widget-style-for-13683-3-0-5\" ><div\n\t\t\t\n\t\t\tclass=\"so-widget-orion_empty_space_w so-widget-orion_empty_space_w-base\"\n\t\t\t\n\t\t>\t<div class=\"row empty-space visible-lg visible-md\" style=\"height:40px;\">\r\n\t<\/div><\/div><\/div><\/div><\/div><\/div><div id=\"pgc-13683-3-1\"  class=\"panel-grid-cell\" ><div class=\"panel-cell-style panel-cell-style-for-13683-3-1\" ><div id=\"panel-13683-3-1-0\" class=\"so-panel widget widget_orion_empty_space_w panel-first-child\" data-index=\"12\" ><div class=\"orion default panel-widget-style panel-widget-style-for-13683-3-1-0\" ><div\n\t\t\t\n\t\t\tclass=\"so-widget-orion_empty_space_w so-widget-orion_empty_space_w-base\"\n\t\t\t\n\t\t>\t<div class=\"row empty-space visible-lg visible-md visible-sm visible-xs\" style=\"height:30px;\">\r\n\t<\/div><\/div><\/div><\/div><div id=\"panel-13683-3-1-1\" class=\"so-panel widget widget_orion_icon_text_w\" data-index=\"13\" ><div class=\"orion default panel-widget-style panel-widget-style-for-13683-3-1-1\" ><div\n\t\t\t\n\t\t\tclass=\"so-widget-orion_icon_text_w so-widget-orion_icon_text_w-base\"\n\t\t\t\n\t\t>\r\n<div class=\"row icon-box-items-wrap grid short\">\r\n \r\n\t\r\n\t\t\r\n\t\t\r\n\t\t\t\t\r\n\t\t\r\n\t\t<div class=\"icon-box-wrap clearfix col-lg-12 col-sm-12 text-light\" style=\"margin-bottom:36px;\">\t\t\r\n\r\n\t\t\t<h4 class=\"item-title h6\">BLANQUEJAMENT EN CONSULTA<\/h4>\t\t\t\t\t\t\t<div class=\"icon-wrap absolute square\">\r\n\t\t\t\t\t<span class=\"sow-icon-dentalicons2\" data-sow-icon=\"&#xe907;\"\n\t\tstyle=\"color: #ffffff; background-color: #3c6137\" \n\t\taria-hidden=\"true\"><\/span>\t\t\t\t\t\t\t\t\t<\/div>\r\n\t\t\t\r\n\t\t\t\t\t\t\r\n\r\n\t\t\t\t\t\t<span class=\"description\"><p style=\"text-align: justify\">El blanquejament dental \u00e9s un tractament est\u00e8tic amb el qual aconseguim reduir la tonalitat de les dents. A Cl\u00ednica Dental Pened\u00e8s, a trav\u00e9s de dues sessions d'una hora, es pot aconseguir aclarir diversos tons el color de l'esmalt dental de forma r\u00e0pida, segura i duradora, sota el control d'un professional.<\/p><\/span>\r\n\t\t\t\r\n\t\t<\/div>\r\n\t\r\n\t\t\r\n\t\t\r\n\t\t\t\t\r\n\t\t\r\n\t\t<div class=\"icon-box-wrap clearfix col-lg-12 col-sm-12 text-light\" style=\"margin-bottom:36px;\">\t\t\r\n\r\n\t\t\t<h4 class=\"item-title h6\">BLANQUEJAMENT EN DOMICILI<\/h4>\t\t\t\t\t\t\t<div class=\"icon-wrap absolute square\">\r\n\t\t\t\t\t<span class=\"sow-icon-fontawesome sow-fas\" data-sow-icon=\"&#xf015;\"\n\t\tstyle=\"color: #ffffff; background-color: #3c6137\" \n\t\taria-hidden=\"true\"><\/span>\t\t\t\t\t\t\t\t\t<\/div>\r\n\t\t\t\r\n\t\t\t\t\t\t\r\n\r\n\t\t\t\t\t\t<span class=\"description\"><p style=\"text-align: justify\">Mitjan\u00e7ant l'\u00fas d'un kit de blanquejament a domicili durant 2 h\/dia al llarg de 3-4 setmanes es pot aconseguir un resultat satisfactori i durador. El tractament consisteix en una f\u00e8rula fabricada a mida per a cada pacient, per a col\u00b7locar el gel de blanquejament professional. \u00c9s important no confondre aquest producte amb els productes de venda en farm\u00e0cies, ja que la concentraci\u00f3 del per\u00f2xid \u00e9s molt menor.<\/p><\/span>\r\n\t\t\t\r\n\t\t<\/div>\r\n\t\r\n<\/div><\/div><\/div><\/div><div id=\"panel-13683-3-1-2\" class=\"so-panel widget widget_orion_empty_space_w panel-last-child\" data-index=\"14\" ><div class=\"orion default panel-widget-style panel-widget-style-for-13683-3-1-2\" ><div\n\t\t\t\n\t\t\tclass=\"so-widget-orion_empty_space_w so-widget-orion_empty_space_w-base\"\n\t\t\t\n\t\t>\t<div class=\"row empty-space visible-lg visible-md\" style=\"height:30px;\">\r\n\t<\/div><\/div><\/div><\/div><\/div><\/div><\/div><\/div><div id=\"pg-13683-4\"  class=\"panel-grid panel-has-style\" ><div class=\"siteorigin-panels-stretch divider-no-animation tablet-default mobile-1-in-row desktop-default panel-row-style panel-row-style-for-13683-4\" data-stretch-type=\"full\" ><div id=\"pgc-13683-4-0\"  class=\"panel-grid-cell\" ><div id=\"panel-13683-4-0-0\" class=\"so-panel widget widget_orion_empty_space_w panel-first-child\" data-index=\"15\" ><div class=\"orion default panel-widget-style panel-widget-style-for-13683-4-0-0\" ><div\n\t\t\t\n\t\t\tclass=\"so-widget-orion_empty_space_w so-widget-orion_empty_space_w-base\"\n\t\t\t\n\t\t>\t<div class=\"row empty-space visible-sm visible-xs\" style=\"height:40px;\">\r\n\t<\/div><\/div><\/div><\/div><div id=\"panel-13683-4-0-1\" class=\"so-panel widget widget_orion_heading_w\" data-index=\"16\" ><div class=\"orion default panel-widget-style panel-widget-style-for-13683-4-0-1\" ><div\n\t\t\t\n\t\t\tclass=\"so-widget-orion_heading_w so-widget-orion_heading_w-base\"\n\t\t\t\n\t\t> \r\n\t\t\t<div class=\"row orion-heading\" style=\"margin-bottom:0px;\">\r\n\t\t<div class=\"col-md-12  separator-style-1 text-center style-h3 style-primary-color\">\r\n\t\t\t<h3 class=\"primary-color text-uppercase\">\r\n\t\t\t\t<strong>Peeling de genives<\/strong>\t\t\t<\/h3>\r\n\t\t<\/div>\r\n\t<\/div>\r\n\r\n\t<\/div><\/div><\/div><div id=\"panel-13683-4-0-2\" class=\"so-panel widget widget_orion_empty_space_w panel-last-child\" data-index=\"17\" ><div class=\"orion default panel-widget-style panel-widget-style-for-13683-4-0-2\" ><div\n\t\t\t\n\t\t\tclass=\"so-widget-orion_empty_space_w so-widget-orion_empty_space_w-base\"\n\t\t\t\n\t\t>\t<div class=\"row empty-space visible-sm visible-xs\" style=\"height:25px;\">\r\n\t<\/div><\/div><\/div><\/div><\/div><\/div><\/div><div id=\"pg-13683-5\"  class=\"panel-grid panel-has-style\" ><div class=\"siteorigin-panels-stretch orion-separator bottom-svg-1 bottom-svg-outside divider-no-animation tablet-default mobile-1-in-row desktop-default panel-row-style panel-row-style-for-13683-5\" data-stretch-type=\"full\" data-svg-bottom-color=\"#f8f8f8\" ><div id=\"pgc-13683-5-0\"  class=\"panel-grid-cell panel-grid-cell-empty\" ><\/div><div id=\"pgc-13683-5-1\"  class=\"panel-grid-cell\" ><div id=\"panel-13683-5-1-0\" class=\"so-panel widget widget_orion_empty_space_w panel-first-child\" data-index=\"18\" ><div class=\"orion default panel-widget-style panel-widget-style-for-13683-5-1-0\" ><div\n\t\t\t\n\t\t\tclass=\"so-widget-orion_empty_space_w so-widget-orion_empty_space_w-base\"\n\t\t\t\n\t\t>\t<div class=\"row empty-space visible-lg\" style=\"height:30px;\">\r\n\t<\/div><\/div><\/div><\/div><div id=\"panel-13683-5-1-1\" class=\"so-panel widget widget_orion_icon_text_w panel-last-child\" data-index=\"19\" ><div class=\"orion default panel-widget-style panel-widget-style-for-13683-5-1-1\" ><div\n\t\t\t\n\t\t\tclass=\"so-widget-orion_icon_text_w so-widget-orion_icon_text_w-base\"\n\t\t\t\n\t\t>\r\n<div class=\"row icon-box-items-wrap grid short\">\r\n \r\n\t\r\n\t\t\r\n\t\t\r\n\t\t\t\t\r\n\t\t\r\n\t\t<div class=\"icon-box-wrap clearfix col-lg-12 col-sm-12 vertical-center text-center text-dark\" style=\"margin-bottom:36px;\">\t\t\r\n\r\n\t\t\t\t\t\t\t\t\t\t<div class=\"icon-wrap absolute text-center simple\">\r\n\t\t\t\t\t<span class=\"sow-icon-dentalicons2\" data-sow-icon=\"&#xe91c;\"\n\t\tstyle=\"color: #3c6137\" \n\t\taria-hidden=\"true\"><\/span>\t\t\t\t\t\t\t\t\t<\/div>\r\n\t\t\t\r\n\t\t\t\t\t\t\r\n\r\n\t\t\t\t\t\t<span class=\"description\"><p style=\"text-align: justify\">El peeling de genives a Vilafranca del Pened\u00e8s permet eliminar les tincions mel\u00e0niques de les genives, passant de tenir les genives fosques a un color rosat i millorant la imatge personal.<\/p><\/span>\r\n\t\t\t\r\n\t\t<\/div>\r\n\t\r\n<\/div><\/div><\/div><\/div><\/div><div id=\"pgc-13683-5-2\"  class=\"panel-grid-cell panel-grid-cell-mobile-last\" ><div id=\"panel-13683-5-2-0\" class=\"so-panel widget widget_orion_image_w panel-first-child panel-last-child\" data-index=\"20\" ><div class=\"orion default shadow-1 panel-widget-style panel-widget-style-for-13683-5-2-0\" ><div\n\t\t\t\n\t\t\tclass=\"so-widget-orion_image_w so-widget-orion_image_w-base\"\n\t\t\t\n\t\t>\r\n<div class=\"image-w relative\">\r\n\r\n\t\t\t\t\t\t\t<div class=\" overlay-none overlay-hover-none\">\r\n\t\t\r\n\t\t\t\t\t<img loading=\"lazy\" decoding=\"async\" width=\"1000\" height=\"374\" src=\"https:\/\/clinicadentalpenedes.com\/wp-content\/uploads\/2016\/10\/AdobeStock_90687044-1.jpg\" class=\"attachment- size-\" alt=\"\" \/>\t\t\t<div class=\"overlay\"><\/div>\r\n\t\t\r\n\t\t\t\t\t<\/div>\r\n\t\t\t\r\n\t\r\n\t<div class=\"absolute\">\r\n\t\t<div class=\"hover-desc table-wrap\">\r\n\t\t\t<div class=\"cell-wrap\">\r\n\t\t\t\t<h4 class=\"text-light\"><\/h4>\r\n\t\t\t<\/div>\r\n\t\t<\/div>\r\n\t<\/div>\t\t\t\t\t\r\n<\/div>\r\n\r\n<\/div><\/div><\/div><\/div><div id=\"pgc-13683-5-3\"  class=\"panel-grid-cell panel-grid-cell-empty\" ><\/div><\/div><\/div><div id=\"pg-13683-6\"  class=\"panel-grid panel-has-style\" ><div class=\"divider-no-animation tablet-default mobile-1-in-row desktop-default panel-row-style panel-row-style-for-13683-6\" ><div id=\"pgc-13683-6-0\"  class=\"panel-grid-cell\" ><div id=\"panel-13683-6-0-0\" class=\"so-panel widget widget_orion_empty_space_w panel-first-child panel-last-child\" data-index=\"21\" ><div class=\"orion default panel-widget-style panel-widget-style-for-13683-6-0-0\" ><div\n\t\t\t\n\t\t\tclass=\"so-widget-orion_empty_space_w so-widget-orion_empty_space_w-base\"\n\t\t\t\n\t\t>\t<div class=\"row empty-space visible-lg visible-md visible-sm visible-xs\" style=\"height:60px;\">\r\n\t<\/div><\/div><\/div><\/div><\/div><\/div><\/div><div id=\"pg-13683-7\"  class=\"panel-grid panel-has-style\" ><div class=\"siteorigin-panels-stretch divider-no-animation tablet-default mobile-1-in-row desktop-default panel-row-style panel-row-style-for-13683-7\" data-stretch-type=\"full\" ><div id=\"pgc-13683-7-0\"  class=\"panel-grid-cell\" ><div id=\"panel-13683-7-0-0\" class=\"so-panel widget widget_orion_heading_w panel-first-child\" data-index=\"22\" ><div class=\"orion default panel-widget-style panel-widget-style-for-13683-7-0-0\" ><div\n\t\t\t\n\t\t\tclass=\"so-widget-orion_heading_w so-widget-orion_heading_w-base\"\n\t\t\t\n\t\t> \r\n\t\t\t<div class=\"row orion-heading\" style=\"margin-bottom:0px;\">\r\n\t\t<div class=\"col-md-12  separator-style-1 text-center style-h3 style-primary-color\">\r\n\t\t\t<h3 class=\"primary-color text-uppercase\">\r\n\t\t\t\t<strong>Carilles Dentals<\/strong>\t\t\t<\/h3>\r\n\t\t<\/div>\r\n\t<\/div>\r\n\r\n\t<\/div><\/div><\/div><div id=\"panel-13683-7-0-1\" class=\"so-panel widget widget_sow-editor\" data-index=\"23\" ><div class=\"orion default panel-widget-style panel-widget-style-for-13683-7-0-1\" ><div\n\t\t\t\n\t\t\tclass=\"so-widget-sow-editor so-widget-sow-editor-base\"\n\t\t\t\n\t\t>\n<div class=\"siteorigin-widget-tinymce textwidget\">\n\t<p style=\"text-align: center;\">A <strong>Cl\u00ednica Dental Pened\u00e8s<\/strong> comptem amb diferents tipus de carilles dentals.<\/p>\n<\/div>\n<\/div><\/div><\/div><div id=\"panel-13683-7-0-2\" class=\"so-panel widget widget_orion_empty_space_w panel-last-child\" data-index=\"24\" ><div class=\"orion default panel-widget-style panel-widget-style-for-13683-7-0-2\" ><div\n\t\t\t\n\t\t\tclass=\"so-widget-orion_empty_space_w so-widget-orion_empty_space_w-base\"\n\t\t\t\n\t\t>\t<div class=\"row empty-space visible-sm visible-xs\" style=\"height:15px;\">\r\n\t<\/div><\/div><\/div><\/div><\/div><\/div><\/div><div id=\"pg-13683-8\"  class=\"panel-grid panel-has-style\" ><div class=\"divider-no-animation tablet-default mobile-1-in-row desktop-default panel-row-style panel-row-style-for-13683-8\" ><div id=\"pgc-13683-8-0\"  class=\"panel-grid-cell panel-grid-cell-empty\" ><\/div><div id=\"pgc-13683-8-1\"  class=\"panel-grid-cell panel-grid-cell-empty\" ><\/div><div id=\"pgc-13683-8-2\"  class=\"panel-grid-cell\" ><div id=\"panel-13683-8-2-0\" class=\"so-panel widget widget_sow-hero panel-first-child\" data-index=\"25\" ><div class=\"orion custom default panel-widget-style panel-widget-style-for-13683-8-2-0\" ><div\n\t\t\t\n\t\t\tclass=\"so-widget-sow-hero so-widget-sow-hero-default-8fdc108b7a80-13683\"\n\t\t\t\n\t\t>\t\t\t\t<div class=\"sow-slider-base\" style=\"display: none\" tabindex=\"0\">\n\t\t\t\t\t<ul\n\t\t\t\t\tclass=\"sow-slider-images\"\n\t\t\t\t\tdata-settings=\"{&quot;pagination&quot;:true,&quot;speed&quot;:800,&quot;timeout&quot;:8000,&quot;paused&quot;:false,&quot;pause_on_hover&quot;:false,&quot;swipe&quot;:false,&quot;nav_always_show_desktop&quot;:&quot;&quot;,&quot;nav_always_show_mobile&quot;:&quot;&quot;,&quot;breakpoint&quot;:&quot;780px&quot;,&quot;unmute&quot;:false,&quot;anchor&quot;:null}\"\n\t\t\t\t\t\t\t\t\t\tdata-anchor-id=\"\"\n\t\t\t\t>\t\t<li class=\"sow-slider-image  sow-slider-image-cover\" style=\"visibility: visible;;background-color: #333333\" >\n\t\t\t\t\t<div class=\"sow-slider-image-container\">\n\t\t\t<div class=\"sow-slider-image-wrapper\">\n\t\t\t\t<h1 style=\"text-align: center\">&nbsp;<\/h1>\n<h1 style=\"text-align: center\">&nbsp;<\/h1>\t\t\t<\/div>\n\t\t<\/div>\n\t\t<div class=\"sow-slider-image-overlay sow-slider-image-cover\" style=\"opacity: 0.5;background-image: url(https:\/\/clinicadentalpenedes.com\/wp-content\/uploads\/2016\/10\/AdobeStock_39068927_2.jpg)\"  ><\/div>\t\t<\/li>\n\t\t<\/ul>\t\t\t\t<ol class=\"sow-slider-pagination\">\n\t\t\t\t\t\t\t\t\t\t\t<li><a href=\"#\" data-goto=\"0\" aria-label=\"Display slide 1\"><\/a><\/li>\n\t\t\t\t\t\t\t\t\t<\/ol>\n\n\t\t\t\t<div class=\"sow-slide-nav sow-slide-nav-next\">\n\t\t\t\t\t<a href=\"#\" data-goto=\"next\" aria-label=\"Next slide\" data-action=\"next\">\n\t\t\t\t\t\t<em class=\"sow-sld-icon-thin-right\"><\/em>\n\t\t\t\t\t<\/a>\n\t\t\t\t<\/div>\n\n\t\t\t\t<div class=\"sow-slide-nav sow-slide-nav-prev\">\n\t\t\t\t\t<a href=\"#\" data-goto=\"previous\" aria-label=\"Previous slide\" data-action=\"prev\">\n\t\t\t\t\t\t<em class=\"sow-sld-icon-thin-left\"><\/em>\n\t\t\t\t\t<\/a>\n\t\t\t\t<\/div>\n\t\t\t\t<\/div><\/div><\/div><\/div><div id=\"panel-13683-8-2-1\" class=\"so-panel widget widget_orion_empty_space_w\" data-index=\"26\" ><div class=\"orion default panel-widget-style panel-widget-style-for-13683-8-2-1\" ><div\n\t\t\t\n\t\t\tclass=\"so-widget-orion_empty_space_w so-widget-orion_empty_space_w-base\"\n\t\t\t\n\t\t>\t<div class=\"row empty-space visible-lg visible-md visible-sm visible-xs\" style=\"height:15px;\">\r\n\t<\/div><\/div><\/div><\/div><div id=\"panel-13683-8-2-2\" class=\"so-panel widget widget_orion_heading_w\" data-index=\"27\" ><div class=\"orion custom default panel-widget-style panel-widget-style-for-13683-8-2-2\" ><div\n\t\t\t\n\t\t\tclass=\"so-widget-orion_heading_w so-widget-orion_heading_w-base\"\n\t\t\t\n\t\t> \r\n\t\t\t<div class=\"row orion-heading\" style=\"margin-bottom:0px;\">\r\n\t\t<div class=\"col-md-12  separator-style-2 text-left style-h5 style-primary-color\">\r\n\t\t\t<h5 class=\"primary-color text-bold\">\r\n\t\t\t\tCARILLES DE COMPOSITE\t\t\t<\/h5>\r\n\t\t<\/div>\r\n\t<\/div>\r\n\r\n\t<\/div><\/div><\/div><div id=\"panel-13683-8-2-3\" class=\"so-panel widget widget_sow-editor\" data-index=\"28\" ><div class=\"orion default panel-widget-style panel-widget-style-for-13683-8-2-3\" ><div\n\t\t\t\n\t\t\tclass=\"so-widget-sow-editor so-widget-sow-editor-base\"\n\t\t\t\n\t\t>\n<div class=\"siteorigin-widget-tinymce textwidget\">\n\t<p style=\"text-align: justify;\">Les carilles de composite s\u00f3n un <strong>tractament d'est\u00e8tica dental a Vilafranca del Pened\u00e8s<\/strong> que consisteixen en una <strong>fina capa<\/strong> d'aquest material de <strong>nanopart\u00edcules fotopolimeritzable<\/strong> que recobreix la part frontal de les peces dentals.<\/p>\n<p style=\"text-align: justify;\">Sense necessitat de tractar la dent ni de prendre mesures, l'odont\u00f2leg modela aquest material sobre la dent podent modificar el color i la forma en una \u00fanica sessi\u00f3, dissenyant un somriure impecable.<\/p>\n<\/div>\n<\/div><\/div><\/div><div id=\"panel-13683-8-2-4\" class=\"so-panel widget widget_orion_empty_space_w panel-last-child\" data-index=\"29\" ><div class=\"orion default panel-widget-style panel-widget-style-for-13683-8-2-4\" ><div\n\t\t\t\n\t\t\tclass=\"so-widget-orion_empty_space_w so-widget-orion_empty_space_w-base\"\n\t\t\t\n\t\t>\t<div class=\"row empty-space visible-sm visible-xs\" style=\"height:30px;\">\r\n\t<\/div><\/div><\/div><\/div><\/div><div id=\"pgc-13683-8-3\"  class=\"panel-grid-cell\" ><div id=\"panel-13683-8-3-0\" class=\"so-panel widget widget_sow-hero panel-first-child\" data-index=\"30\" ><div class=\"orion custom default panel-widget-style panel-widget-style-for-13683-8-3-0\" ><div\n\t\t\t\n\t\t\tclass=\"so-widget-sow-hero so-widget-sow-hero-default-8fdc108b7a80-13683\"\n\t\t\t\n\t\t>\t\t\t\t<div class=\"sow-slider-base\" style=\"display: none\" tabindex=\"0\">\n\t\t\t\t\t<ul\n\t\t\t\t\tclass=\"sow-slider-images\"\n\t\t\t\t\tdata-settings=\"{&quot;pagination&quot;:true,&quot;speed&quot;:800,&quot;timeout&quot;:8000,&quot;paused&quot;:false,&quot;pause_on_hover&quot;:false,&quot;swipe&quot;:false,&quot;nav_always_show_desktop&quot;:&quot;&quot;,&quot;nav_always_show_mobile&quot;:&quot;&quot;,&quot;breakpoint&quot;:&quot;780px&quot;,&quot;unmute&quot;:false,&quot;anchor&quot;:null}\"\n\t\t\t\t\t\t\t\t\t\tdata-anchor-id=\"\"\n\t\t\t\t>\t\t<li class=\"sow-slider-image  sow-slider-image-cover\" style=\"visibility: visible;;background-color: #333333\" >\n\t\t\t\t\t<div class=\"sow-slider-image-container\">\n\t\t\t<div class=\"sow-slider-image-wrapper\">\n\t\t\t\t<h1 style=\"text-align: center\">&nbsp;<\/h1>\n<h1 style=\"text-align: center\">&nbsp;<\/h1>\t\t\t<\/div>\n\t\t<\/div>\n\t\t<div class=\"sow-slider-image-overlay sow-slider-image-cover\" style=\"opacity: 0.5;background-image: url(https:\/\/clinicadentalpenedes.com\/wp-content\/uploads\/2017\/06\/21.jpg)\"  ><\/div>\t\t<\/li>\n\t\t<\/ul>\t\t\t\t<ol class=\"sow-slider-pagination\">\n\t\t\t\t\t\t\t\t\t\t\t<li><a href=\"#\" data-goto=\"0\" aria-label=\"Display slide 1\"><\/a><\/li>\n\t\t\t\t\t\t\t\t\t<\/ol>\n\n\t\t\t\t<div class=\"sow-slide-nav sow-slide-nav-next\">\n\t\t\t\t\t<a href=\"#\" data-goto=\"next\" aria-label=\"Next slide\" data-action=\"next\">\n\t\t\t\t\t\t<em class=\"sow-sld-icon-thin-right\"><\/em>\n\t\t\t\t\t<\/a>\n\t\t\t\t<\/div>\n\n\t\t\t\t<div class=\"sow-slide-nav sow-slide-nav-prev\">\n\t\t\t\t\t<a href=\"#\" data-goto=\"previous\" aria-label=\"Previous slide\" data-action=\"prev\">\n\t\t\t\t\t\t<em class=\"sow-sld-icon-thin-left\"><\/em>\n\t\t\t\t\t<\/a>\n\t\t\t\t<\/div>\n\t\t\t\t<\/div><\/div><\/div><\/div><div id=\"panel-13683-8-3-1\" class=\"so-panel widget widget_orion_empty_space_w\" data-index=\"31\" ><div class=\"orion default panel-widget-style panel-widget-style-for-13683-8-3-1\" ><div\n\t\t\t\n\t\t\tclass=\"so-widget-orion_empty_space_w so-widget-orion_empty_space_w-base\"\n\t\t\t\n\t\t>\t<div class=\"row empty-space visible-lg visible-md visible-sm visible-xs\" style=\"height:15px;\">\r\n\t<\/div><\/div><\/div><\/div><div id=\"panel-13683-8-3-2\" class=\"so-panel widget widget_orion_heading_w\" data-index=\"32\" ><div class=\"orion custom default panel-widget-style panel-widget-style-for-13683-8-3-2\" ><div\n\t\t\t\n\t\t\tclass=\"so-widget-orion_heading_w so-widget-orion_heading_w-base\"\n\t\t\t\n\t\t> \r\n\t\t\t<div class=\"row orion-heading\" style=\"margin-bottom:0px;\">\r\n\t\t<div class=\"col-md-12  separator-style-2 text-left style-h5 style-primary-color\">\r\n\t\t\t<h5 class=\"primary-color text-bold\">\r\n\t\t\t\tCARILLES DE PORCELLANA\t\t\t<\/h5>\r\n\t\t<\/div>\r\n\t<\/div>\r\n\r\n\t<\/div><\/div><\/div><div id=\"panel-13683-8-3-3\" class=\"so-panel widget widget_sow-editor panel-last-child\" data-index=\"33\" ><div class=\"orion default panel-widget-style panel-widget-style-for-13683-8-3-3\" ><div\n\t\t\t\n\t\t\tclass=\"so-widget-sow-editor so-widget-sow-editor-base\"\n\t\t\t\n\t\t>\n<div class=\"siteorigin-widget-tinymce textwidget\">\n\t<p style=\"text-align: justify;\">Les carilles de porcellana s\u00f3n un tractament d'est\u00e8tica dental que consisteix en unes <strong>fines l\u00e0mines de porcellana<\/strong>, com lents de contacte, que s'adhereixen a la part frontal de les dents.<\/p>\n<p style=\"text-align: justify;\">En general, es confeccionen al laboratori despr\u00e9s de realitzar un lleuger tractament de les peces dentals i despr\u00e9s de prendre mesures. Pel que fa al composite, tenen l'avantatge d'aportar una major estabilitat del color i major resist\u00e8ncia mec\u00e0nica a llarg termini.<\/p>\n<\/div>\n<\/div><\/div><\/div><\/div><div id=\"pgc-13683-8-4\"  class=\"panel-grid-cell panel-grid-cell-empty panel-grid-cell-mobile-last\" ><\/div><div id=\"pgc-13683-8-5\"  class=\"panel-grid-cell panel-grid-cell-empty\" ><\/div><\/div><\/div><div id=\"pg-13683-9\"  class=\"panel-grid panel-has-style\" ><div class=\"divider-no-animation tablet-default mobile-1-in-row desktop-default panel-row-style panel-row-style-for-13683-9\" ><div id=\"pgc-13683-9-0\"  class=\"panel-grid-cell\" ><div id=\"panel-13683-9-0-0\" class=\"so-panel widget widget_orion_empty_space_w panel-first-child panel-last-child\" data-index=\"34\" ><div class=\"orion default panel-widget-style panel-widget-style-for-13683-9-0-0\" ><div\n\t\t\t\n\t\t\tclass=\"so-widget-orion_empty_space_w so-widget-orion_empty_space_w-base\"\n\t\t\t\n\t\t>\t<div class=\"row empty-space visible-lg visible-md visible-sm visible-xs\" style=\"height:30px;\">\r\n\t<\/div><\/div><\/div><\/div><\/div><\/div><\/div><div id=\"pg-13683-10\"  class=\"panel-grid panel-has-style\" ><div class=\"fixed-bg siteorigin-panels-stretch orion-separator top-svg-2 top-svg-inside divider-no-animation tablet-default mobile-1-in-row desktop-default overlay-c2-c1 panel-row-style panel-row-style-for-13683-10\" data-stretch-type=\"full-stretched\" ><div id=\"pgc-13683-10-0\"  class=\"panel-grid-cell\" ><div class=\"panel-cell-style panel-cell-style-for-13683-10-0\" ><div id=\"panel-13683-10-0-0\" class=\"so-panel widget widget_orion_icon_text_w panel-first-child\" data-index=\"35\" ><div class=\"orion default panel-widget-style panel-widget-style-for-13683-10-0-0\" ><div\n\t\t\t\n\t\t\tclass=\"so-widget-orion_icon_text_w so-widget-orion_icon_text_w-base\"\n\t\t\t\n\t\t>\r\n<div class=\"row icon-box-items-wrap grid icon-top\">\r\n \r\n\t\r\n\t\t\r\n\t\t\r\n\t\t\t\t\r\n\t\t\r\n\t\t<div class=\"icon-box-wrap clearfix col-lg-12 col-sm-12 no_desc vertical-center text-center text-light\" style=\"margin-bottom:0px;\">\t\t\r\n\r\n\t\t\t\t\t\t\t\t\t\t<div class=\"icon-wrap relative text-center simple\">\r\n\t\t\t\t\t<span class=\"sow-icon-dentalicons2\" data-sow-icon=\"&#xe908;\"\n\t\tstyle=\"color: #fff\" \n\t\taria-hidden=\"true\"><\/span>\t\t\t\t\t\t\t\t\t<\/div>\r\n\t\t\t\r\n\t\t\t\t\t\t\r\n\r\n\t\t\t\r\n\t\t<\/div>\r\n\t\r\n<\/div><\/div><\/div><\/div><div id=\"panel-13683-10-0-1\" class=\"so-panel widget widget_orion_heading_w\" data-index=\"36\" ><div class=\"orion default panel-widget-style panel-widget-style-for-13683-10-0-1\" ><div\n\t\t\t\n\t\t\tclass=\"so-widget-orion_heading_w so-widget-orion_heading_w-base\"\n\t\t\t\n\t\t> \r\n\t\t\t<div class=\"row orion-heading\" style=\"margin-bottom:0px;\">\r\n\t\t<div class=\"col-md-12  separator-style-1 text-center style-h3 style-text-light\">\r\n\t\t\t<h3 class=\"text-light text-uppercase\">\r\n\t\t\t\t<strong>Vine a visitar-nos!<\/strong>\t\t\t<\/h3>\r\n\t\t<\/div>\r\n\t<\/div>\r\n\r\n\t<\/div><\/div><\/div><div id=\"panel-13683-10-0-2\" class=\"so-panel widget widget_sow-editor\" data-index=\"37\" ><div class=\"orion text-light panel-widget-style panel-widget-style-for-13683-10-0-2\" ><div\n\t\t\t\n\t\t\tclass=\"so-widget-sow-editor so-widget-sow-editor-base\"\n\t\t\t\n\t\t>\n<div class=\"siteorigin-widget-tinymce textwidget\">\n\t<h6 style=\"text-align: center;\">Si vols informar-te de tots els nostres tractaments d'est\u00e8tica dental a cl\u00ednica dental Pened\u00e8s a Vilafranca del Pened\u00e8s,<br \/>\nVine a visitar-nos! El nostre equip t'assessorar\u00e0 perqu\u00e8 aconsegueixis el somriure que sempre has desitjat.<\/h6>\n<\/div>\n<\/div><\/div><\/div><div id=\"panel-13683-10-0-3\" class=\"so-panel widget widget_orion_empty_space_w\" data-index=\"38\" ><div class=\"orion default panel-widget-style panel-widget-style-for-13683-10-0-3\" ><div\n\t\t\t\n\t\t\tclass=\"so-widget-orion_empty_space_w so-widget-orion_empty_space_w-base\"\n\t\t\t\n\t\t>\t<div class=\"row empty-space visible-lg visible-md visible-sm visible-xs\" style=\"height:24px;\">\r\n\t<\/div><\/div><\/div><\/div><div id=\"panel-13683-10-0-4\" class=\"so-panel widget widget_orion_empty_space_w\" data-index=\"39\" ><div class=\"orion default panel-widget-style panel-widget-style-for-13683-10-0-4\" ><div\n\t\t\t\n\t\t\tclass=\"so-widget-orion_empty_space_w so-widget-orion_empty_space_w-base\"\n\t\t\t\n\t\t>\t<div class=\"row empty-space visible-lg visible-md\" style=\"height:10px;\">\r\n\t<\/div><\/div><\/div><\/div><div id=\"panel-13683-10-0-5\" class=\"so-panel widget widget_orion_button_w panel-last-child\" data-index=\"40\" ><div class=\"orion default panel-widget-style panel-widget-style-for-13683-10-0-5\" ><div\n\t\t\t\n\t\t\tclass=\"so-widget-orion_button_w so-widget-orion_button_w-base\"\n\t\t\t\n\t\t>\t<div class=\"wrapper block\" style=\"text-align:center\">\r\n\r\n\t\t\t<a class=\"btn btn-white icon-left btn-wire btn-lg\"  href=\"https:\/\/clinicadentalpenedes.com\/ca\/contacte\/\"\r\n\t\t\t   \t\t>\r\n\t\t\t<span class=\"sow-icon-genericons\" data-sow-icon=\"&#xf308;\"\n\t\tstyle=\"\" \n\t\taria-hidden=\"true\"><\/span>Demana la teva cita!\t\t\r\n\t\t<\/a>\r\n\t\r\n<\/div>\r\n<\/div><\/div><\/div><\/div><\/div><\/div><\/div><\/div>","protected":false},"excerpt":{"rendered":"<p>A beautiful smile contributes to a better mood, it affects self-esteem, and it allows us to make a good impression on others.<\/p>\n","protected":false},"author":3,"featured_media":0,"parent":0,"menu_order":0,"comment_status":"closed","ping_status":"closed","template":"","meta":{"_monsterinsights_skip_tracking":false,"_monsterinsights_sitenote_active":false,"_monsterinsights_sitenote_note":"","_monsterinsights_sitenote_category":0,"footnotes":""},"yoast_head":"<!-- This site is optimized with the Yoast SEO plugin v24.2 - https:\/\/yoast.com\/wordpress\/plugins\/seo\/ -->\n<title>Cl\u00ednica Dental Pened\u00e8s \u2013 Est\u00e8tica dental a Vilafranca del Pened\u00e8s<\/title>\n<meta name=\"description\" content=\"Vols millorar el teu somriure? Els tractaments d&#039;Est\u00e8tica dental a Vilafranca del Pened\u00e8s t&#039;ajudaran a aconseguir-ho. No ho pensis, vine a visitar-nos ara.\" \/>\n<meta name=\"robots\" content=\"index, follow, max-snippet:-1, max-image-preview:large, max-video-preview:-1\" \/>\n<link rel=\"canonical\" href=\"https:\/\/clinicadentalpenedes.com\/ca\/estetica-dental\/\" \/>\n<meta property=\"og:locale\" content=\"ca_ES\" \/>\n<meta property=\"og:type\" content=\"article\" \/>\n<meta property=\"og:title\" content=\"Cl\u00ednica Dental Pened\u00e8s \u2013 Est\u00e8tica dental a Vilafranca del Pened\u00e8s\" \/>\n<meta property=\"og:description\" content=\"Vols millorar el teu somriure? Els tractaments d&#039;Est\u00e8tica dental a Vilafranca del Pened\u00e8s t&#039;ajudaran a aconseguir-ho. No ho pensis, vine a visitar-nos ara.\" \/>\n<meta property=\"og:url\" content=\"https:\/\/clinicadentalpenedes.com\/ca\/estetica-dental\/\" \/>\n<meta property=\"og:site_name\" content=\"Cl\u00ednica Dental Pened\u00e8s\" \/>\n<meta property=\"article:modified_time\" content=\"2023-01-25T12:47:29+00:00\" \/>\n<meta name=\"twitter:card\" content=\"summary_large_image\" \/>\n<meta name=\"twitter:label1\" content=\"Temps estimat de lectura\" \/>\n\t<meta name=\"twitter:data1\" content=\"3 minuts\" \/>\n<script type=\"application\/ld+json\" class=\"yoast-schema-graph\">{\"@context\":\"https:\/\/schema.org\",\"@graph\":[{\"@type\":\"WebPage\",\"@id\":\"https:\/\/clinicadentalpenedes.com\/ca\/estetica-dental\/\",\"url\":\"https:\/\/clinicadentalpenedes.com\/ca\/estetica-dental\/\",\"name\":\"Cl\u00ednica Dental Pened\u00e8s \u2013 Est\u00e8tica dental a Vilafranca del Pened\u00e8s\",\"isPartOf\":{\"@id\":\"https:\/\/clinicadentalpenedes.com\/#website\"},\"datePublished\":\"2019-05-06T17:06:07+00:00\",\"dateModified\":\"2023-01-25T12:47:29+00:00\",\"description\":\"Vols millorar el teu somriure? Els tractaments d'Est\u00e8tica dental a Vilafranca del Pened\u00e8s t'ajudaran a aconseguir-ho. No ho pensis, vine a visitar-nos ara.\",\"breadcrumb\":{\"@id\":\"https:\/\/clinicadentalpenedes.com\/ca\/estetica-dental\/#breadcrumb\"},\"inLanguage\":\"ca\",\"potentialAction\":[{\"@type\":\"ReadAction\",\"target\":[\"https:\/\/clinicadentalpenedes.com\/ca\/estetica-dental\/\"]}]},{\"@type\":\"BreadcrumbList\",\"@id\":\"https:\/\/clinicadentalpenedes.com\/ca\/estetica-dental\/#breadcrumb\",\"itemListElement\":[{\"@type\":\"ListItem\",\"position\":1,\"name\":\"Portada\",\"item\":\"https:\/\/clinicadentalpenedes.com\/ca\/\"},{\"@type\":\"ListItem\",\"position\":2,\"name\":\"Est\u00e8tica dental\"}]},{\"@type\":\"WebSite\",\"@id\":\"https:\/\/clinicadentalpenedes.com\/#website\",\"url\":\"https:\/\/clinicadentalpenedes.com\/\",\"name\":\"Cl\u00ednica Dental Pened\u00e8s\",\"description\":\"Cl\u00ednica Dental en Vilafranca del Pened\u00e8s\",\"potentialAction\":[{\"@type\":\"SearchAction\",\"target\":{\"@type\":\"EntryPoint\",\"urlTemplate\":\"https:\/\/clinicadentalpenedes.com\/?s={search_term_string}\"},\"query-input\":{\"@type\":\"PropertyValueSpecification\",\"valueRequired\":true,\"valueName\":\"search_term_string\"}}],\"inLanguage\":\"ca\"}]}<\/script>\n<!-- \/ Yoast SEO plugin. -->","yoast_head_json":{"title":"Cl\u00ednica Dental Pened\u00e8s \u2013 Est\u00e8tica dental a Vilafranca del Pened\u00e8s","description":"Vols millorar el teu somriure? Els tractaments d'Est\u00e8tica dental a Vilafranca del Pened\u00e8s t'ajudaran a aconseguir-ho. No ho pensis, vine a visitar-nos ara.","robots":{"index":"index","follow":"follow","max-snippet":"max-snippet:-1","max-image-preview":"max-image-preview:large","max-video-preview":"max-video-preview:-1"},"canonical":"https:\/\/clinicadentalpenedes.com\/ca\/estetica-dental\/","og_locale":"ca_ES","og_type":"article","og_title":"Cl\u00ednica Dental Pened\u00e8s \u2013 Est\u00e8tica dental a Vilafranca del Pened\u00e8s","og_description":"Vols millorar el teu somriure? Els tractaments d'Est\u00e8tica dental a Vilafranca del Pened\u00e8s t'ajudaran a aconseguir-ho. No ho pensis, vine a visitar-nos ara.","og_url":"https:\/\/clinicadentalpenedes.com\/ca\/estetica-dental\/","og_site_name":"Cl\u00ednica Dental Pened\u00e8s","article_modified_time":"2023-01-25T12:47:29+00:00","twitter_card":"summary_large_image","twitter_misc":{"Temps estimat de lectura":"3 minuts"},"schema":{"@context":"https:\/\/schema.org","@graph":[{"@type":"WebPage","@id":"https:\/\/clinicadentalpenedes.com\/ca\/estetica-dental\/","url":"https:\/\/clinicadentalpenedes.com\/ca\/estetica-dental\/","name":"Cl\u00ednica Dental Pened\u00e8s \u2013 Est\u00e8tica dental a Vilafranca del Pened\u00e8s","isPartOf":{"@id":"https:\/\/clinicadentalpenedes.com\/#website"},"datePublished":"2019-05-06T17:06:07+00:00","dateModified":"2023-01-25T12:47:29+00:00","description":"Vols millorar el teu somriure? Els tractaments d'Est\u00e8tica dental a Vilafranca del Pened\u00e8s t'ajudaran a aconseguir-ho. No ho pensis, vine a visitar-nos ara.","breadcrumb":{"@id":"https:\/\/clinicadentalpenedes.com\/ca\/estetica-dental\/#breadcrumb"},"inLanguage":"ca","potentialAction":[{"@type":"ReadAction","target":["https:\/\/clinicadentalpenedes.com\/ca\/estetica-dental\/"]}]},{"@type":"BreadcrumbList","@id":"https:\/\/clinicadentalpenedes.com\/ca\/estetica-dental\/#breadcrumb","itemListElement":[{"@type":"ListItem","position":1,"name":"Portada","item":"https:\/\/clinicadentalpenedes.com\/ca\/"},{"@type":"ListItem","position":2,"name":"Est\u00e8tica dental"}]},{"@type":"WebSite","@id":"https:\/\/clinicadentalpenedes.com\/#website","url":"https:\/\/clinicadentalpenedes.com\/","name":"Cl\u00ednica Dental Pened\u00e8s","description":"Cl\u00ednica Dental en Vilafranca del Pened\u00e8s","potentialAction":[{"@type":"SearchAction","target":{"@type":"EntryPoint","urlTemplate":"https:\/\/clinicadentalpenedes.com\/?s={search_term_string}"},"query-input":{"@type":"PropertyValueSpecification","valueRequired":true,"valueName":"search_term_string"}}],"inLanguage":"ca"}]}},"_links":{"self":[{"href":"https:\/\/clinicadentalpenedes.com\/ca\/wp-json\/wp\/v2\/pages\/13683"}],"collection":[{"href":"https:\/\/clinicadentalpenedes.com\/ca\/wp-json\/wp\/v2\/pages"}],"about":[{"href":"https:\/\/clinicadentalpenedes.com\/ca\/wp-json\/wp\/v2\/types\/page"}],"author":[{"embeddable":true,"href":"https:\/\/clinicadentalpenedes.com\/ca\/wp-json\/wp\/v2\/users\/3"}],"replies":[{"embeddable":true,"href":"https:\/\/clinicadentalpenedes.com\/ca\/wp-json\/wp\/v2\/comments?post=13683"}],"version-history":[{"count":3,"href":"https:\/\/clinicadentalpenedes.com\/ca\/wp-json\/wp\/v2\/pages\/13683\/revisions"}],"predecessor-version":[{"id":14182,"href":"https:\/\/clinicadentalpenedes.com\/ca\/wp-json\/wp\/v2\/pages\/13683\/revisions\/14182"}],"wp:attachment":[{"href":"https:\/\/clinicadentalpenedes.com\/ca\/wp-json\/wp\/v2\/media?parent=13683"}],"curies":[{"name":"wp","href":"https:\/\/api.w.org\/{rel}","templated":true}]}}