{"id":13674,"date":"2019-05-04T12:30:52","date_gmt":"2019-05-04T12:30:52","guid":{"rendered":"https:\/\/clinicadentalpenedes.com\/ortodoncia\/"},"modified":"2023-01-25T12:25:07","modified_gmt":"2023-01-25T12:25:07","slug":"ortodoncia","status":"publish","type":"page","link":"https:\/\/clinicadentalpenedes.com\/ca\/ortodoncia\/","title":{"rendered":"Ortod\u00f2ncia"},"content":{"rendered":"<div id=\"pl-13674\"  class=\"panel-layout\" ><div id=\"pg-13674-0\"  class=\"panel-grid panel-has-style\" ><div class=\"vertical_down orion-parallax siteorigin-panels-stretch orion-separator bottom-svg-3 bottom-svg-inside divider-no-animation tablet-1-in-row mobile-1-in-row desktop-default overlay-c2-c1 panel-row-style panel-row-style-for-13674-0\" data-stretch-type=\"full\" ><div id=\"pgc-13674-0-0\"  class=\"panel-grid-cell\" ><div id=\"panel-13674-0-0-0\" class=\"so-panel widget widget_orion_heading_w panel-first-child panel-last-child\" data-index=\"0\" ><div class=\"orion mobile-text-center default panel-widget-style panel-widget-style-for-13674-0-0-0\" ><div\n\t\t\t\n\t\t\tclass=\"so-widget-orion_heading_w so-widget-orion_heading_w-base\"\n\t\t\t\n\t\t> \r\n\t\t\t<div class=\"row orion-heading\" style=\"margin-bottom:0px;\">\r\n\t\t<div class=\"col-md-12   text-center style-h1 style-text-light\">\r\n\t\t\t<h1 class=\"text-light\">\r\n\t\t\t\t<strong>Aconsegueix el somriure que busques<\/strong>\t\t\t<\/h1>\r\n\t\t<\/div>\r\n\t<\/div>\r\n\r\n\t<\/div><\/div><\/div><\/div><\/div><\/div><div id=\"pg-13674-1\"  class=\"panel-grid panel-has-style\" ><div class=\"siteorigin-panels-stretch divider-no-animation tablet-default mobile-1-in-row desktop-default panel-row-style panel-row-style-for-13674-1\" data-stretch-type=\"full\" ><div id=\"pgc-13674-1-0\"  class=\"panel-grid-cell\" ><div id=\"panel-13674-1-0-0\" class=\"so-panel widget widget_orion_empty_space_w panel-first-child\" data-index=\"1\" ><div class=\"orion default panel-widget-style panel-widget-style-for-13674-1-0-0\" ><div\n\t\t\t\n\t\t\tclass=\"so-widget-orion_empty_space_w so-widget-orion_empty_space_w-base\"\n\t\t\t\n\t\t>\t<div class=\"row empty-space visible-sm visible-xs\" style=\"height:40px;\">\r\n\t<\/div><\/div><\/div><\/div><div id=\"panel-13674-1-0-1\" class=\"so-panel widget widget_orion_heading_w\" data-index=\"2\" ><div class=\"orion default panel-widget-style panel-widget-style-for-13674-1-0-1\" ><div\n\t\t\t\n\t\t\tclass=\"so-widget-orion_heading_w so-widget-orion_heading_w-base\"\n\t\t\t\n\t\t> \r\n\t\t\t<div class=\"row orion-heading\" style=\"margin-bottom:0px;\">\r\n\t\t<div class=\"col-md-12  separator-style-1 text-left style-h3 style-primary-color\">\r\n\t\t\t<h3 class=\"primary-color text-uppercase\">\r\n\t\t\t\t<strong>Ortod\u00f2ncia<\/strong>\t\t\t<\/h3>\r\n\t\t<\/div>\r\n\t<\/div>\r\n\r\n\t<\/div><\/div><\/div><div id=\"panel-13674-1-0-2\" class=\"so-panel widget widget_sow-editor\" data-index=\"3\" ><div class=\"orion default panel-widget-style panel-widget-style-for-13674-1-0-2\" ><div\n\t\t\t\n\t\t\tclass=\"so-widget-sow-editor so-widget-sow-editor-base\"\n\t\t\t\n\t\t>\n<div class=\"siteorigin-widget-tinymce textwidget\">\n\t<p style=\"text-align: justify;\">Actualment <strong>alinear les dents ja no \u00e9s cosa nom\u00e9s de nens i joves<\/strong>, tamb\u00e9 els adults es poden beneficiar de l'ortod\u00f2ncia.<\/p>\n<p style=\"text-align: justify;\">La moderna tecnologia permet usar sistemes est\u00e8tics que dissimulen aquest tractament (<strong>brackets cer\u00e0mics<\/strong>) o sistemes m\u00e9s r\u00e0pids i segurs, com els <strong>brackets autolligables<\/strong>.<\/p>\n<p style=\"text-align: justify;\">La correcta posici\u00f3 de les dents <strong>no nom\u00e9s proporciona bellesa sin\u00f3 tamb\u00e9 una correcta funci\u00f3 masticat\u00f2ria<\/strong>, evitant problemes de l'articulaci\u00f3 temporomandibular i facilitant la correcta higiene personal per evitar la malaltia periodontal.<\/p>\n<\/div>\n<\/div><\/div><\/div><div id=\"panel-13674-1-0-3\" class=\"so-panel widget widget_orion_empty_space_w panel-last-child\" data-index=\"4\" ><div class=\"orion default panel-widget-style panel-widget-style-for-13674-1-0-3\" ><div\n\t\t\t\n\t\t\tclass=\"so-widget-orion_empty_space_w so-widget-orion_empty_space_w-base\"\n\t\t\t\n\t\t>\t<div class=\"row empty-space visible-sm visible-xs\" style=\"height:40px;\">\r\n\t<\/div><\/div><\/div><\/div><\/div><\/div><\/div><div id=\"pg-13674-2\"  class=\"panel-grid panel-has-style\" ><div class=\"fixed-bg siteorigin-panels-stretch orion-separator bottom-svg-1 bottom-svg-inside divider-no-animation tablet-default mobile-1-in-row desktop-default overlay-c1-t panel-row-style panel-row-style-for-13674-2\" data-stretch-type=\"full\" data-svg-bottom-color=\"#f8f8f8\" ><div id=\"pgc-13674-2-0\"  class=\"panel-grid-cell\" ><div class=\"panel-cell-style panel-cell-style-for-13674-2-0\" ><div id=\"panel-13674-2-0-0\" class=\"so-panel widget widget_orion_empty_space_w panel-first-child\" data-index=\"5\" ><div class=\"orion default panel-widget-style panel-widget-style-for-13674-2-0-0\" ><div\n\t\t\t\n\t\t\tclass=\"so-widget-orion_empty_space_w so-widget-orion_empty_space_w-base\"\n\t\t\t\n\t\t>\t<div class=\"row empty-space hidden\" style=\"height:20px;\">\r\n\t<\/div><\/div><\/div><\/div><div id=\"panel-13674-2-0-1\" class=\"so-panel widget widget_orion_heading_w\" data-index=\"6\" ><div class=\"orion default panel-widget-style panel-widget-style-for-13674-2-0-1\" ><div\n\t\t\t\n\t\t\tclass=\"so-widget-orion_heading_w so-widget-orion_heading_w-base\"\n\t\t\t\n\t\t> \r\n\t\t\t<div class=\"row orion-heading\" style=\"margin-bottom:0px;\">\r\n\t\t<div class=\"col-md-12   text-left style-h1 style-text-light\">\r\n\t\t\t<h1 class=\"text-light\">\r\n\t\t\t\t<strong>Ortod\u00f2ncia Invisalign<\/strong>\t\t\t<\/h1>\r\n\t\t<\/div>\r\n\t<\/div>\r\n\r\n\t<\/div><\/div><\/div><div id=\"panel-13674-2-0-2\" class=\"so-panel widget widget_orion_dividers_w\" data-index=\"7\" ><div class=\"orion default panel-widget-style panel-widget-style-for-13674-2-0-2\" ><div\n\t\t\t\n\t\t\tclass=\"so-widget-orion_dividers_w so-widget-orion_dividers_w-base\"\n\t\t\t\n\t\t>\t<hr style=\"border-top-width:3px; border-top-color:rgba(255,255,255,1); border-style: solid; width: 100%;  margin-top: 0;\"><\/div><\/div><\/div><div id=\"panel-13674-2-0-3\" class=\"so-panel widget widget_orion_before_after_w\" data-index=\"8\" ><div class=\"orion default shadow-1 panel-widget-style panel-widget-style-for-13674-2-0-3\" ><div\n\t\t\t\n\t\t\tclass=\"so-widget-orion_before_after_w so-widget-orion_before_after_w-base\"\n\t\t\t\n\t\t>\t<div class=\"twentytwenty-container orion-before-after overlay-none overlay-hover-none handle-transparent\" id=\"ba_69f59e3690094\">\r\n\t\t\t<img decoding=\"async\" src=\"https:\/\/clinicadentalpenedes.com\/wp-content\/uploads\/2019\/05\/Destacado_Ortodoncia-autoligable.jpg\" \r\n\t\t\tclass=\"before\" \r\n\t\t\t\t\t\t\/>\t\r\n\t\t\t\t\t\t<img decoding=\"async\" src=\"https:\/\/clinicadentalpenedes.com\/wp-content\/uploads\/2019\/05\/Destacado_Ortodoncia-invisalign.jpg\" class=\"after\" \r\n\t\t\t\t\t\t\/>\r\n\t\t\t\t\t\r\n\t\t<div class=\"overlay\"><\/div>\r\n\t<\/div>\r\n\r\n\t<script>\r\n\tjQuery(window).on('load',function(){\r\n\t\tjQuery(\"#ba_69f59e3690094\").twentytwenty({\r\n\t\t\tdefault_offset_pct: 0.4, \r\n\t\t\torientation: 'horizontal', \r\n\t\t});\r\n\t});\r\n\t<\/script> <\/div><\/div><\/div><div id=\"panel-13674-2-0-4\" class=\"so-panel widget widget_sow-editor\" data-index=\"9\" ><div class=\"orion text-light panel-widget-style panel-widget-style-for-13674-2-0-4\" ><div\n\t\t\t\n\t\t\tclass=\"so-widget-sow-editor so-widget-sow-editor-base\"\n\t\t\t\n\t\t>\n<div class=\"siteorigin-widget-tinymce textwidget\">\n\t<p style=\"text-align: left;\">Ortod\u00f2ncia, brackets<strong> autolligables vs.<\/strong><strong>\u00a0invisalign<\/strong>.<\/p>\n<\/div>\n<\/div><\/div><\/div><div id=\"panel-13674-2-0-5\" class=\"so-panel widget widget_orion_empty_space_w panel-last-child\" data-index=\"10\" ><div class=\"orion default panel-widget-style panel-widget-style-for-13674-2-0-5\" ><div\n\t\t\t\n\t\t\tclass=\"so-widget-orion_empty_space_w so-widget-orion_empty_space_w-base\"\n\t\t\t\n\t\t>\t<div class=\"row empty-space hidden\" style=\"height:30px;\">\r\n\t<\/div><\/div><\/div><\/div><\/div><\/div><div id=\"pgc-13674-2-1\"  class=\"panel-grid-cell\" ><div class=\"panel-cell-style panel-cell-style-for-13674-2-1\" ><div id=\"panel-13674-2-1-0\" class=\"so-panel widget widget_orion_empty_space_w panel-first-child\" data-index=\"11\" ><div class=\"orion default panel-widget-style panel-widget-style-for-13674-2-1-0\" ><div\n\t\t\t\n\t\t\tclass=\"so-widget-orion_empty_space_w so-widget-orion_empty_space_w-base\"\n\t\t\t\n\t\t>\t<div class=\"row empty-space visible-lg visible-md visible-sm visible-xs\" style=\"height:30px;\">\r\n\t<\/div><\/div><\/div><\/div><div id=\"panel-13674-2-1-1\" class=\"so-panel widget widget_orion_icon_text_w\" data-index=\"12\" ><div class=\"orion default panel-widget-style panel-widget-style-for-13674-2-1-1\" ><div\n\t\t\t\n\t\t\tclass=\"so-widget-orion_icon_text_w so-widget-orion_icon_text_w-base\"\n\t\t\t\n\t\t>\r\n<div class=\"row icon-box-items-wrap grid short\">\r\n \r\n\t\r\n\t\t\r\n\t\t\r\n\t\t\t\t\r\n\t\t\r\n\t\t<div class=\"icon-box-wrap clearfix col-lg-12 col-sm-12 text-light\" style=\"margin-bottom:36px;\">\t\t\r\n\r\n\t\t\t<h4 class=\"item-title h6\">CORRECTOR DENTAL INVISIBLE<\/h4>\t\t\t\t\t\t\t<div class=\"icon-wrap absolute square\">\r\n\t\t\t\t\t<span class=\"sow-icon-fontawesome sow-fas\" data-sow-icon=\"&#xf00c;\"\n\t\tstyle=\"color: #ffffff; background-color: #3c6137\" \n\t\taria-hidden=\"true\"><\/span>\t\t\t\t\t\t\t\t\t<\/div>\r\n\t\t\t\r\n\t\t\t\t\t\t\r\n\r\n\t\t\t\t\t\t<span class=\"description\"><p style=\"text-align: justify\">Oferim el corrector dental invisible m\u00e9s avan\u00e7at del moment. Es fabrica a mida per a cada pacient i resulta pr\u00e0cticament invisible.<\/p><\/span>\r\n\t\t\t\r\n\t\t<\/div>\r\n\t\r\n\t\t\r\n\t\t\r\n\t\t\t\t\r\n\t\t\r\n\t\t<div class=\"icon-box-wrap clearfix col-lg-12 col-sm-12 text-light\" style=\"margin-bottom:36px;\">\t\t\r\n\r\n\t\t\t<h4 class=\"item-title h6\">C\u00d2MODE I EFICA\u00c7<\/h4>\t\t\t\t\t\t\t<div class=\"icon-wrap absolute square\">\r\n\t\t\t\t\t<span class=\"sow-icon-fontawesome sow-fas\" data-sow-icon=\"&#xf00c;\"\n\t\tstyle=\"color: #ffffff; background-color: #3c6137\" \n\t\taria-hidden=\"true\"><\/span>\t\t\t\t\t\t\t\t\t<\/div>\r\n\t\t\t\r\n\t\t\t\t\t\t\r\n\r\n\t\t\t\t\t\t<span class=\"description\"><p style=\"text-align: justify\">\u00c9s ideal per a aquells que desitgen tenir un sistema de correcci\u00f3 dental que passi inadvertit, es caracteritza per oferir un tractament c\u00f2mode, efica\u00e7 i invisible.<\/p><\/span>\r\n\t\t\t\r\n\t\t<\/div>\r\n\t\r\n\t\t\r\n\t\t\r\n\t\t\t\t\r\n\t\t\r\n\t\t<div class=\"icon-box-wrap clearfix col-lg-12 col-sm-12 text-light\" style=\"margin-bottom:36px;\">\t\t\r\n\r\n\t\t\t<h4 class=\"item-title h6\">PER A TOTHOM! \ud83d\ude42<\/h4>\t\t\t\t\t\t\t<div class=\"icon-wrap absolute square\">\r\n\t\t\t\t\t<span class=\"sow-icon-fontawesome sow-fas\" data-sow-icon=\"&#xf00c;\"\n\t\tstyle=\"color: #ffffff; background-color: #3c6137\" \n\t\taria-hidden=\"true\"><\/span>\t\t\t\t\t\t\t\t\t<\/div>\r\n\t\t\t\r\n\t\t\t\t\t\t\r\n\r\n\t\t\t\t\t\t<span class=\"description\"><p style=\"text-align: justify\">Aquest sistema es pot aplicar a adults i nens a partir dels 14 anys i posar soluci\u00f3 als diferents tipus de maloclusi\u00f3.<\/p><\/span>\r\n\t\t\t\r\n\t\t<\/div>\r\n\t\r\n<\/div><\/div><\/div><\/div><div id=\"panel-13674-2-1-2\" class=\"so-panel widget widget_orion_empty_space_w panel-last-child\" data-index=\"13\" ><div class=\"orion default panel-widget-style panel-widget-style-for-13674-2-1-2\" ><div\n\t\t\t\n\t\t\tclass=\"so-widget-orion_empty_space_w so-widget-orion_empty_space_w-base\"\n\t\t\t\n\t\t>\t<div class=\"row empty-space visible-lg visible-md\" style=\"height:30px;\">\r\n\t<\/div><\/div><\/div><\/div><\/div><\/div><\/div><\/div><div id=\"pg-13674-3\"  class=\"panel-grid panel-has-style\" ><div class=\"siteorigin-panels-stretch divider-no-animation tablet-default mobile-1-in-row desktop-default panel-row-style panel-row-style-for-13674-3\" data-stretch-type=\"full\" ><div id=\"pgc-13674-3-0\"  class=\"panel-grid-cell\" ><div id=\"panel-13674-3-0-0\" class=\"so-panel widget widget_orion_empty_space_w panel-first-child\" data-index=\"14\" ><div class=\"orion default panel-widget-style panel-widget-style-for-13674-3-0-0\" ><div\n\t\t\t\n\t\t\tclass=\"so-widget-orion_empty_space_w so-widget-orion_empty_space_w-base\"\n\t\t\t\n\t\t>\t<div class=\"row empty-space visible-sm visible-xs\" style=\"height:40px;\">\r\n\t<\/div><\/div><\/div><\/div><div id=\"panel-13674-3-0-1\" class=\"so-panel widget widget_orion_heading_w\" data-index=\"15\" ><div class=\"orion default panel-widget-style panel-widget-style-for-13674-3-0-1\" ><div\n\t\t\t\n\t\t\tclass=\"so-widget-orion_heading_w so-widget-orion_heading_w-base\"\n\t\t\t\n\t\t> \r\n\t\t\t<div class=\"row orion-heading\" style=\"margin-bottom:0px;\">\r\n\t\t<div class=\"col-md-12  separator-style-1 text-center style-h3 style-primary-color\">\r\n\t\t\t<h3 class=\"primary-color text-uppercase\">\r\n\t\t\t\t<strong>Quins avantatges t\u00e9 l'ortod\u00f2ncia invisalign?<\/strong>\t\t\t<\/h3>\r\n\t\t<\/div>\r\n\t<\/div>\r\n\r\n\t<\/div><\/div><\/div><div id=\"panel-13674-3-0-2\" class=\"so-panel widget widget_sow-image\" data-index=\"16\" ><div class=\"orion default panel-widget-style panel-widget-style-for-13674-3-0-2\" ><div\n\t\t\t\n\t\t\tclass=\"so-widget-sow-image so-widget-sow-image-default-113ccd71f3e6-13674\"\n\t\t\t\n\t\t>\n<div class=\"sow-image-container\">\n\t\t<img \n\tsrc=\"https:\/\/clinicadentalpenedes.com\/wp-content\/uploads\/2016\/10\/invisalign-logo-png2.png\" width=\"150\" height=\"38\" srcset=\"https:\/\/clinicadentalpenedes.com\/wp-content\/uploads\/2016\/10\/invisalign-logo-png2.png 2209w, https:\/\/clinicadentalpenedes.com\/wp-content\/uploads\/2016\/10\/invisalign-logo-png2-300x76.png 300w, https:\/\/clinicadentalpenedes.com\/wp-content\/uploads\/2016\/10\/invisalign-logo-png2-768x195.png 768w, https:\/\/clinicadentalpenedes.com\/wp-content\/uploads\/2016\/10\/invisalign-logo-png2-1024x260.png 1024w, https:\/\/clinicadentalpenedes.com\/wp-content\/uploads\/2016\/10\/invisalign-logo-png2-750x190.png 750w\" sizes=\"(max-width: 150px) 100vw, 150px\" alt=\"\" \t\tclass=\"so-widget-image\"\/>\n\t<\/div>\n\n<\/div><\/div><\/div><div id=\"panel-13674-3-0-3\" class=\"so-panel widget widget_orion_empty_space_w panel-last-child\" data-index=\"17\" ><div class=\"orion default panel-widget-style panel-widget-style-for-13674-3-0-3\" ><div\n\t\t\t\n\t\t\tclass=\"so-widget-orion_empty_space_w so-widget-orion_empty_space_w-base\"\n\t\t\t\n\t\t>\t<div class=\"row empty-space visible-sm visible-xs\" style=\"height:25px;\">\r\n\t<\/div><\/div><\/div><\/div><\/div><\/div><\/div><div id=\"pg-13674-4\"  class=\"panel-grid panel-has-style\" ><div class=\"siteorigin-panels-stretch divider-no-animation tablet-default mobile-1-in-row desktop-default panel-row-style panel-row-style-for-13674-4\" data-stretch-type=\"full\" data-svg-bottom-color=\"#f8f8f8\" ><div id=\"pgc-13674-4-0\"  class=\"panel-grid-cell\" ><div id=\"panel-13674-4-0-0\" class=\"so-panel widget widget_orion_icon_text_w panel-first-child\" data-index=\"18\" ><div class=\"orion default panel-widget-style panel-widget-style-for-13674-4-0-0\" ><div\n\t\t\t\n\t\t\tclass=\"so-widget-orion_icon_text_w so-widget-orion_icon_text_w-base\"\n\t\t\t\n\t\t>\r\n<div class=\"row icon-box-items-wrap grid icon-top\">\r\n \r\n\t\r\n\t\t\r\n\t\t\r\n\t\t\t\t\r\n\t\t\r\n\t\t<div class=\"icon-box-wrap clearfix col-lg-12 col-sm-12 text-center text-dark\" style=\"margin-bottom:36px;\">\t\t\r\n\r\n\t\t\t\t\t\t\t\t\t\t<div class=\"icon-wrap relative text-center simple\">\r\n\t\t\t\t\t<span class=\"sow-icon-dentalicons2\" data-sow-icon=\"&#xe922;\"\n\t\tstyle=\"color: #3c6137\" \n\t\taria-hidden=\"true\"><\/span>\t\t\t\t\t\t\t\t\t<\/div>\r\n\t\t\t\r\n\t\t\t<h4 class=\"item-title h6\">MAJOR PRECISI\u00d3<\/h4>\t\t\t\r\n\r\n\t\t\t\t\t\t<span class=\"description\"><p style=\"text-align: justify\">Invisalign utilitza un software 3D que facilita la major precisi\u00f3 del diagn\u00f2stic i tractament i, per tant, m\u00e9s precisi\u00f3 en el resultat obtingut.<\/p><\/span>\r\n\t\t\t\r\n\t\t<\/div>\r\n\t\r\n<\/div><\/div><\/div><\/div><div id=\"panel-13674-4-0-1\" class=\"so-panel widget widget_orion_empty_space_w panel-last-child\" data-index=\"19\" ><div class=\"orion default panel-widget-style panel-widget-style-for-13674-4-0-1\" ><div\n\t\t\t\n\t\t\tclass=\"so-widget-orion_empty_space_w so-widget-orion_empty_space_w-base\"\n\t\t\t\n\t\t>\t<div class=\"row empty-space visible-sm visible-xs\" style=\"height:30px;\">\r\n\t<\/div><\/div><\/div><\/div><\/div><div id=\"pgc-13674-4-1\"  class=\"panel-grid-cell\" ><div id=\"panel-13674-4-1-0\" class=\"so-panel widget widget_orion_icon_text_w panel-first-child\" data-index=\"20\" ><div class=\"orion default panel-widget-style panel-widget-style-for-13674-4-1-0\" ><div\n\t\t\t\n\t\t\tclass=\"so-widget-orion_icon_text_w so-widget-orion_icon_text_w-base\"\n\t\t\t\n\t\t>\r\n<div class=\"row icon-box-items-wrap grid icon-top\">\r\n \r\n\t\r\n\t\t\r\n\t\t\r\n\t\t\t\t\r\n\t\t\r\n\t\t<div class=\"icon-box-wrap clearfix col-lg-12 col-sm-12 text-center text-dark\" style=\"margin-bottom:36px;\">\t\t\r\n\r\n\t\t\t\t\t\t\t\t\t\t<div class=\"icon-wrap relative text-center simple\">\r\n\t\t\t\t\t<span class=\"sow-icon-dentalicons2\" data-sow-icon=\"&#xe91a;\"\n\t\tstyle=\"color: #3c6137\" \n\t\taria-hidden=\"true\"><\/span>\t\t\t\t\t\t\t\t\t<\/div>\r\n\t\t\t\r\n\t\t\t<h4 class=\"item-title h6\">M\u00c9S C\u00d2MODE<\/h4>\t\t\t\r\n\r\n\t\t\t\t\t\t<span class=\"description\"><p style=\"text-align: justify\">Enfront de l'ortod\u00f2ncia tradicional, els avantatges s\u00f3n indiscutibles. Invisalign permet parlar i menjar amb comoditat, evitant rascades o ferides que provoquen altres aparells d'ortod\u00f2ncia.<\/p><\/span>\r\n\t\t\t\r\n\t\t<\/div>\r\n\t\r\n<\/div><\/div><\/div><\/div><div id=\"panel-13674-4-1-1\" class=\"so-panel widget widget_orion_empty_space_w panel-last-child\" data-index=\"21\" ><div class=\"orion default panel-widget-style panel-widget-style-for-13674-4-1-1\" ><div\n\t\t\t\n\t\t\tclass=\"so-widget-orion_empty_space_w so-widget-orion_empty_space_w-base\"\n\t\t\t\n\t\t>\t<div class=\"row empty-space visible-sm visible-xs\" style=\"height:30px;\">\r\n\t<\/div><\/div><\/div><\/div><\/div><div id=\"pgc-13674-4-2\"  class=\"panel-grid-cell\" ><div id=\"panel-13674-4-2-0\" class=\"so-panel widget widget_orion_icon_text_w panel-first-child\" data-index=\"22\" ><div class=\"orion default panel-widget-style panel-widget-style-for-13674-4-2-0\" ><div\n\t\t\t\n\t\t\tclass=\"so-widget-orion_icon_text_w so-widget-orion_icon_text_w-base\"\n\t\t\t\n\t\t>\r\n<div class=\"row icon-box-items-wrap grid icon-top\">\r\n \r\n\t\r\n\t\t\r\n\t\t\r\n\t\t\t\t\r\n\t\t\r\n\t\t<div class=\"icon-box-wrap clearfix col-lg-12 col-sm-12 text-center text-dark\" style=\"margin-bottom:36px;\">\t\t\r\n\r\n\t\t\t\t\t\t\t\t\t\t<div class=\"icon-wrap relative text-center simple\">\r\n\t\t\t\t\t<span class=\"sow-icon-dentalicons2\" data-sow-icon=\"&#xe915;\"\n\t\tstyle=\"color: #3c6137\" \n\t\taria-hidden=\"true\"><\/span>\t\t\t\t\t\t\t\t\t<\/div>\r\n\t\t\t\r\n\t\t\t<h4 class=\"item-title h6\">M\u00c9S HIGI\u00c8NIC<\/h4>\t\t\t\r\n\r\n\t\t\t\t\t\t<span class=\"description\"><p style=\"text-align: justify\">En ser extra\u00efble li permet una neteja completa de la seva boca, sense c\u00f3rrer el risc de retenir restes de menjar, com pot passar en el cas dels brackets.<\/p><\/span>\r\n\t\t\t\r\n\t\t<\/div>\r\n\t\r\n<\/div><\/div><\/div><\/div><div id=\"panel-13674-4-2-1\" class=\"so-panel widget widget_orion_empty_space_w panel-last-child\" data-index=\"23\" ><div class=\"orion default panel-widget-style panel-widget-style-for-13674-4-2-1\" ><div\n\t\t\t\n\t\t\tclass=\"so-widget-orion_empty_space_w so-widget-orion_empty_space_w-base\"\n\t\t\t\n\t\t>\t<div class=\"row empty-space visible-sm visible-xs\" style=\"height:30px;\">\r\n\t<\/div><\/div><\/div><\/div><\/div><div id=\"pgc-13674-4-3\"  class=\"panel-grid-cell\" ><div id=\"panel-13674-4-3-0\" class=\"so-panel widget widget_orion_icon_text_w panel-first-child\" data-index=\"24\" ><div class=\"orion default panel-widget-style panel-widget-style-for-13674-4-3-0\" ><div\n\t\t\t\n\t\t\tclass=\"so-widget-orion_icon_text_w so-widget-orion_icon_text_w-base\"\n\t\t\t\n\t\t>\r\n<div class=\"row icon-box-items-wrap grid icon-top\">\r\n \r\n\t\r\n\t\t\r\n\t\t\r\n\t\t\t\t\r\n\t\t\r\n\t\t<div class=\"icon-box-wrap clearfix col-lg-12 col-sm-12 text-center text-dark\" style=\"margin-bottom:36px;\">\t\t\r\n\r\n\t\t\t\t\t\t\t\t\t\t<div class=\"icon-wrap relative text-center simple\">\r\n\t\t\t\t\t<span class=\"sow-icon-dentalicons2\" data-sow-icon=\"&#xe918;\"\n\t\tstyle=\"color: #3c6137\" \n\t\taria-hidden=\"true\"><\/span>\t\t\t\t\t\t\t\t\t<\/div>\r\n\t\t\t\r\n\t\t\t<h4 class=\"item-title h6\">M\u00c9S R\u00c0PID<\/h4>\t\t\t\r\n\r\n\t\t\t\t\t\t<span class=\"description\"><p style=\"text-align: justify\">Invisalign redueix considerablement el temps de tractament en el pacient davant d'altres tractaments d'ortod\u00f2ncia tradicional.<\/p><\/span>\r\n\t\t\t\r\n\t\t<\/div>\r\n\t\r\n<\/div><\/div><\/div><\/div><div id=\"panel-13674-4-3-1\" class=\"so-panel widget widget_orion_empty_space_w panel-last-child\" data-index=\"25\" ><div class=\"orion default panel-widget-style panel-widget-style-for-13674-4-3-1\" ><div\n\t\t\t\n\t\t\tclass=\"so-widget-orion_empty_space_w so-widget-orion_empty_space_w-base\"\n\t\t\t\n\t\t>\t<div class=\"row empty-space visible-sm visible-xs\" style=\"height:30px;\">\r\n\t<\/div><\/div><\/div><\/div><\/div><\/div><\/div><div id=\"pg-13674-5\"  class=\"panel-grid panel-has-style\" ><div class=\"siteorigin-panels-stretch orion-separator bottom-svg-4 bottom-svg-outside divider-no-animation tablet-default mobile-1-in-row desktop-default panel-row-style panel-row-style-for-13674-5\" data-stretch-type=\"full\" data-svg-bottom-color=\"#f8f8f8\" ><div id=\"pgc-13674-5-0\"  class=\"panel-grid-cell\" ><div id=\"panel-13674-5-0-0\" class=\"so-panel widget widget_orion_empty_space_w panel-first-child panel-last-child\" data-index=\"26\" ><div class=\"orion default panel-widget-style panel-widget-style-for-13674-5-0-0\" ><div\n\t\t\t\n\t\t\tclass=\"so-widget-orion_empty_space_w so-widget-orion_empty_space_w-base\"\n\t\t\t\n\t\t>\t<div class=\"row empty-space visible-lg visible-md visible-sm visible-xs\" style=\"height:30px;\">\r\n\t<\/div><\/div><\/div><\/div><\/div><\/div><\/div><div id=\"pg-13674-6\"  class=\"panel-grid panel-has-style\" ><div class=\"divider-no-animation tablet-default mobile-1-in-row desktop-default panel-row-style panel-row-style-for-13674-6\" ><div id=\"pgc-13674-6-0\"  class=\"panel-grid-cell\" ><div id=\"panel-13674-6-0-0\" class=\"so-panel widget widget_orion_empty_space_w panel-first-child panel-last-child\" data-index=\"27\" ><div class=\"orion default panel-widget-style panel-widget-style-for-13674-6-0-0\" ><div\n\t\t\t\n\t\t\tclass=\"so-widget-orion_empty_space_w so-widget-orion_empty_space_w-base\"\n\t\t\t\n\t\t>\t<div class=\"row empty-space visible-lg visible-md visible-sm visible-xs\" style=\"height:40px;\">\r\n\t<\/div><\/div><\/div><\/div><\/div><\/div><\/div><div id=\"pg-13674-7\"  class=\"panel-grid panel-has-style\" ><div class=\"siteorigin-panels-stretch divider-no-animation tablet-default mobile-1-in-row desktop-default panel-row-style panel-row-style-for-13674-7\" data-stretch-type=\"full\" ><div id=\"pgc-13674-7-0\"  class=\"panel-grid-cell\" ><div id=\"panel-13674-7-0-0\" class=\"so-panel widget widget_orion_heading_w panel-first-child\" data-index=\"28\" ><div class=\"orion default panel-widget-style panel-widget-style-for-13674-7-0-0\" ><div\n\t\t\t\n\t\t\tclass=\"so-widget-orion_heading_w so-widget-orion_heading_w-base\"\n\t\t\t\n\t\t> \r\n\t\t\t<div class=\"row orion-heading\" style=\"margin-bottom:0px;\">\r\n\t\t<div class=\"col-md-12  separator-style-1 text-center style-h3 style-primary-color\">\r\n\t\t\t<h3 class=\"primary-color text-uppercase\">\r\n\t\t\t\t<strong>Algunes Preguntes Freq\u00fcents (FAQ):<\/strong>\t\t\t<\/h3>\r\n\t\t<\/div>\r\n\t<\/div>\r\n\r\n\t<\/div><\/div><\/div><div id=\"panel-13674-7-0-1\" class=\"so-panel widget widget_sow-image panel-last-child\" data-index=\"29\" ><div class=\"orion default panel-widget-style panel-widget-style-for-13674-7-0-1\" ><div\n\t\t\t\n\t\t\tclass=\"so-widget-sow-image so-widget-sow-image-default-113ccd71f3e6-13674\"\n\t\t\t\n\t\t>\n<div class=\"sow-image-container\">\n\t\t<img \n\tsrc=\"https:\/\/clinicadentalpenedes.com\/wp-content\/uploads\/2016\/10\/invisalign-logo-png2.png\" width=\"150\" height=\"38\" srcset=\"https:\/\/clinicadentalpenedes.com\/wp-content\/uploads\/2016\/10\/invisalign-logo-png2.png 2209w, https:\/\/clinicadentalpenedes.com\/wp-content\/uploads\/2016\/10\/invisalign-logo-png2-300x76.png 300w, https:\/\/clinicadentalpenedes.com\/wp-content\/uploads\/2016\/10\/invisalign-logo-png2-768x195.png 768w, https:\/\/clinicadentalpenedes.com\/wp-content\/uploads\/2016\/10\/invisalign-logo-png2-1024x260.png 1024w, https:\/\/clinicadentalpenedes.com\/wp-content\/uploads\/2016\/10\/invisalign-logo-png2-750x190.png 750w\" sizes=\"(max-width: 150px) 100vw, 150px\" alt=\"\" \t\tclass=\"so-widget-image\"\/>\n\t<\/div>\n\n<\/div><\/div><\/div><\/div><\/div><\/div><div id=\"pg-13674-8\"  class=\"panel-grid panel-has-style\" ><div class=\"divider-no-animation tablet-default mobile-1-in-row desktop-default text-dark panel-row-style panel-row-style-for-13674-8\" ><div id=\"pgc-13674-8-0\"  class=\"panel-grid-cell\" ><div id=\"panel-13674-8-0-0\" class=\"so-panel widget widget_orion_empty_space_w panel-first-child\" data-index=\"30\" ><div class=\"orion default panel-widget-style panel-widget-style-for-13674-8-0-0\" ><div\n\t\t\t\n\t\t\tclass=\"so-widget-orion_empty_space_w so-widget-orion_empty_space_w-base\"\n\t\t\t\n\t\t>\t<div class=\"row empty-space visible-lg visible-md visible-sm visible-xs\" style=\"height:15px;\">\r\n\t<\/div><\/div><\/div><\/div><div id=\"panel-13674-8-0-1\" class=\"so-panel widget widget_orion_accordion_w\" data-index=\"31\" ><div class=\"orion default panel-widget-style panel-widget-style-for-13674-8-0-1\" ><div\n\t\t\t\n\t\t\tclass=\"so-widget-orion_accordion_w so-widget-orion_accordion_w-base\"\n\t\t\t\n\t\t>\t\r\n\r\n\t<div class=\"panel-group \" role=\"tablist\" aria-multiselectable=\"true\" id=\"acc_69f59e36993a1\">\r\n\t\t\r\n\t\t\t\t\t\t\t\t\r\n\t\t\t\r\n\t\t<div class=\"panel panel-default\" style=\"border-color:#f2f2f2; background:transparent\">\r\n\t\t\t<div class=\"panel-heading\" role=\"tab\" id=\"Quantduraeltractamentiambquinafreqnciahedefervisitesdecontrol69f59e36993db\">\r\n\t\t\t\t<h4 class=\"panel-title\">\r\n\t\t\t\t\t<a role=\"button\" data-toggle=\"collapse\" href=\"#Quantduraeltractamentiambquinafreqnciahedefervisitesdecontrol69f59e36993db-panel\" class=\"collapsed primary-hover\" aria-expanded=\"false\" aria-controls=\"Quantduraeltractamentiambquinafreqnciahedefervisitesdecontrol69f59e36993db\" data-parent=\"#acc_69f59e36993a1\" style=\"border-color:#f2f2f2;\">\r\n\t\t\t\t\t\t\t\t\t\t  \t<span class=\"icon\" style=\"color: #3c6137\">\r\n\t\t\t\t\t  \t\t<span class=\"sow-icon-fontawesome sow-fas\" data-sow-icon=\"&#xf061;\"\n\t\tstyle=\"color: #3c6137\" \n\t\taria-hidden=\"true\"><\/span><\/span>\r\n\t\t\t\t\t  \t\r\n\t\t\t\t\t  \tQuant dura el tractament i amb quina freq\u00fc\u00e8ncia he de fer visites de control?\t\t\t\t\t<\/a>\r\n\t\t\t\t<\/h4>\r\n\r\n\t\t\t<\/div>\r\n\t\t\t<div class=\"panel-collapse collapse \" id=\"Quantduraeltractamentiambquinafreqnciahedefervisitesdecontrol69f59e36993db-panel\" aria-expanded=\"false\" role=\"tabpanel\" aria-labelledby=\"Quantduraeltractamentiambquinafreqnciahedefervisitesdecontrol69f59e36993db\">\r\n\t\t\t\t<div class=\"panel-body\" style=\"border-color:#f2f2f2;\">\r\n\t\t\t\t\t<p style=\"text-align: justify\">El tractament dura de 9 a 18 mesos segons el cas. Les visites de control solen ser cada 4-6 setmanes.<\/p>\n\t\t\t\t<\/div>\r\n\t\t\t<\/div>\r\n\t\t<\/div>\r\n\t\t\t\t\t\t\r\n\t\t\t\r\n\t\t<div class=\"panel panel-default\" style=\"border-color:#f2f2f2; background:transparent\">\r\n\t\t\t<div class=\"panel-heading\" role=\"tab\" id=\"CompucvalorarsielmeucaspotsertractatambInvisalign69f59e369945b\">\r\n\t\t\t\t<h4 class=\"panel-title\">\r\n\t\t\t\t\t<a role=\"button\" data-toggle=\"collapse\" href=\"#CompucvalorarsielmeucaspotsertractatambInvisalign69f59e369945b-panel\" class=\"collapsed primary-hover\" aria-expanded=\"false\" aria-controls=\"CompucvalorarsielmeucaspotsertractatambInvisalign69f59e369945b\" data-parent=\"#acc_69f59e36993a1\" style=\"border-color:#f2f2f2;\">\r\n\t\t\t\t\t\t\t\t\t\t  \t<span class=\"icon\" style=\"color: #3c6137\">\r\n\t\t\t\t\t  \t\t<span class=\"sow-icon-fontawesome sow-fas\" data-sow-icon=\"&#xf061;\"\n\t\tstyle=\"color: #3c6137\" \n\t\taria-hidden=\"true\"><\/span><\/span>\r\n\t\t\t\t\t  \t\r\n\t\t\t\t\t  \tCom puc valorar si el meu cas pot ser tractat amb Invisalign?\t\t\t\t\t<\/a>\r\n\t\t\t\t<\/h4>\r\n\r\n\t\t\t<\/div>\r\n\t\t\t<div class=\"panel-collapse collapse \" id=\"CompucvalorarsielmeucaspotsertractatambInvisalign69f59e369945b-panel\" aria-expanded=\"false\" role=\"tabpanel\" aria-labelledby=\"CompucvalorarsielmeucaspotsertractatambInvisalign69f59e369945b\">\r\n\t\t\t\t<div class=\"panel-body\" style=\"border-color:#f2f2f2;\">\r\n\t\t\t\t\t<p style=\"text-align: justify\">Per poder saber amb exactitud si el seu cas pot ser tractat amb Invisalign \u00e9s aconsellable que ens visiti a la nostra <a href=\"https:\/\/clinicadentalpenedes.com\/ca\/\">cl\u00ednica dental a Vilafranca del Pened\u00e8s<\/a> i puguem valorar de forma personalitzada el nivell d'\u00e8xit que es pot aconseguir en el seu cas.<\/p>\n\t\t\t\t<\/div>\r\n\t\t\t<\/div>\r\n\t\t<\/div>\r\n\t\t\t\t\t\t\r\n\t\t\t\r\n\t\t<div class=\"panel panel-default\" style=\"border-color:#f2f2f2; background:transparent\">\r\n\t\t\t<div class=\"panel-heading\" role=\"tab\" id=\"Quantdetempshadeportarposatelpacientelsalineadors69f59e36994db\">\r\n\t\t\t\t<h4 class=\"panel-title\">\r\n\t\t\t\t\t<a role=\"button\" data-toggle=\"collapse\" href=\"#Quantdetempshadeportarposatelpacientelsalineadors69f59e36994db-panel\" class=\"collapsed primary-hover\" aria-expanded=\"false\" aria-controls=\"Quantdetempshadeportarposatelpacientelsalineadors69f59e36994db\" data-parent=\"#acc_69f59e36993a1\" style=\"border-color:#f2f2f2;\">\r\n\t\t\t\t\t\t\t\t\t\t  \t<span class=\"icon\" style=\"color: #3c6137\">\r\n\t\t\t\t\t  \t\t<span class=\"sow-icon-fontawesome sow-fas\" data-sow-icon=\"&#xf061;\"\n\t\tstyle=\"color: #3c6137\" \n\t\taria-hidden=\"true\"><\/span><\/span>\r\n\t\t\t\t\t  \t\r\n\t\t\t\t\t  \tQuant de temps ha de portar posat el pacient els alineadors?\t\t\t\t\t<\/a>\r\n\t\t\t\t<\/h4>\r\n\r\n\t\t\t<\/div>\r\n\t\t\t<div class=\"panel-collapse collapse \" id=\"Quantdetempshadeportarposatelpacientelsalineadors69f59e36994db-panel\" aria-expanded=\"false\" role=\"tabpanel\" aria-labelledby=\"Quantdetempshadeportarposatelpacientelsalineadors69f59e36994db\">\r\n\t\t\t\t<div class=\"panel-body\" style=\"border-color:#f2f2f2;\">\r\n\t\t\t\t\t<p style=\"text-align: justify\">El pacient haur\u00e0 de portar l'alineador tot el temps, nom\u00e9s s'ha de treure l'alineador per menjar, rentar-se les dents i utilitzar el fil dental.<\/p>\n\t\t\t\t<\/div>\r\n\t\t\t<\/div>\r\n\t\t<\/div>\r\n\t\t\t<\/div>\t\r\n\r\n\r\n\r\n\r\n<\/div><\/div><\/div><div id=\"panel-13674-8-0-2\" class=\"so-panel widget widget_orion_empty_space_w panel-last-child\" data-index=\"32\" ><div class=\"orion default panel-widget-style panel-widget-style-for-13674-8-0-2\" ><div\n\t\t\t\n\t\t\tclass=\"so-widget-orion_empty_space_w so-widget-orion_empty_space_w-base\"\n\t\t\t\n\t\t>\t<div class=\"row empty-space visible-lg visible-md visible-sm visible-xs\" style=\"height:15px;\">\r\n\t<\/div><\/div><\/div><\/div><\/div><\/div><\/div><div id=\"pg-13674-9\"  class=\"panel-grid panel-has-style\" ><div class=\"divider-no-animation tablet-default mobile-1-in-row desktop-default panel-row-style panel-row-style-for-13674-9\" ><div id=\"pgc-13674-9-0\"  class=\"panel-grid-cell\" ><div id=\"panel-13674-9-0-0\" class=\"so-panel widget widget_orion_empty_space_w panel-first-child panel-last-child\" data-index=\"33\" ><div class=\"orion default panel-widget-style panel-widget-style-for-13674-9-0-0\" ><div\n\t\t\t\n\t\t\tclass=\"so-widget-orion_empty_space_w so-widget-orion_empty_space_w-base\"\n\t\t\t\n\t\t>\t<div class=\"row empty-space visible-lg visible-md visible-sm visible-xs\" style=\"height:40px;\">\r\n\t<\/div><\/div><\/div><\/div><\/div><\/div><\/div><div id=\"pg-13674-10\"  class=\"panel-grid panel-has-style\" ><div class=\"fixed-bg siteorigin-panels-stretch orion-separator top-svg-2 top-svg-inside divider-no-animation tablet-default mobile-1-in-row desktop-default overlay-c2-c1 panel-row-style panel-row-style-for-13674-10\" data-stretch-type=\"full-stretched\" ><div id=\"pgc-13674-10-0\"  class=\"panel-grid-cell\" ><div class=\"panel-cell-style panel-cell-style-for-13674-10-0\" ><div id=\"panel-13674-10-0-0\" class=\"so-panel widget widget_orion_icon_text_w panel-first-child\" data-index=\"34\" ><div class=\"orion default panel-widget-style panel-widget-style-for-13674-10-0-0\" ><div\n\t\t\t\n\t\t\tclass=\"so-widget-orion_icon_text_w so-widget-orion_icon_text_w-base\"\n\t\t\t\n\t\t>\r\n<div class=\"row icon-box-items-wrap grid icon-top\">\r\n \r\n\t\r\n\t\t\r\n\t\t\r\n\t\t\t\t\r\n\t\t\r\n\t\t<div class=\"icon-box-wrap clearfix col-lg-12 col-sm-12 no_desc vertical-center text-center text-light\" style=\"margin-bottom:0px;\">\t\t\r\n\r\n\t\t\t\t\t\t\t\t\t\t<div class=\"icon-wrap relative text-center simple\">\r\n\t\t\t\t\t<span class=\"sow-icon-dentalicons2\" data-sow-icon=\"&#xe908;\"\n\t\tstyle=\"color: #fff\" \n\t\taria-hidden=\"true\"><\/span>\t\t\t\t\t\t\t\t\t<\/div>\r\n\t\t\t\r\n\t\t\t\t\t\t\r\n\r\n\t\t\t\r\n\t\t<\/div>\r\n\t\r\n<\/div><\/div><\/div><\/div><div id=\"panel-13674-10-0-1\" class=\"so-panel widget widget_orion_heading_w\" data-index=\"35\" ><div class=\"orion default panel-widget-style panel-widget-style-for-13674-10-0-1\" ><div\n\t\t\t\n\t\t\tclass=\"so-widget-orion_heading_w so-widget-orion_heading_w-base\"\n\t\t\t\n\t\t> \r\n\t\t\t<div class=\"row orion-heading\" style=\"margin-bottom:0px;\">\r\n\t\t<div class=\"col-md-12  separator-style-1 text-center style-h3 style-text-light\">\r\n\t\t\t<h3 class=\"text-light text-uppercase\">\r\n\t\t\t\t<strong>T'esperem!<\/strong>\t\t\t<\/h3>\r\n\t\t<\/div>\r\n\t<\/div>\r\n\r\n\t<\/div><\/div><\/div><div id=\"panel-13674-10-0-2\" class=\"so-panel widget widget_sow-editor\" data-index=\"36\" ><div class=\"orion text-light panel-widget-style panel-widget-style-for-13674-10-0-2\" ><div\n\t\t\t\n\t\t\tclass=\"so-widget-sow-editor so-widget-sow-editor-base\"\n\t\t\t\n\t\t>\n<div class=\"siteorigin-widget-tinymce textwidget\">\n\t<h6 style=\"text-align: center;\">Si est\u00e0s interessat en iniciar un tractament d'ortod\u00f2ncia, ja sigui amb brackets autolligables o brackets invisalign,<br \/>\nno dubtis a demanar cita a la nostra Cl\u00ednica Dental Pened\u00e8s, a Vilafranca del Pened\u00e8s. T'hi atendrem encantats!<\/h6>\n<\/div>\n<\/div><\/div><\/div><div id=\"panel-13674-10-0-3\" class=\"so-panel widget widget_orion_empty_space_w\" data-index=\"37\" ><div class=\"orion default panel-widget-style panel-widget-style-for-13674-10-0-3\" ><div\n\t\t\t\n\t\t\tclass=\"so-widget-orion_empty_space_w so-widget-orion_empty_space_w-base\"\n\t\t\t\n\t\t>\t<div class=\"row empty-space visible-lg visible-md visible-sm visible-xs\" style=\"height:24px;\">\r\n\t<\/div><\/div><\/div><\/div><div id=\"panel-13674-10-0-4\" class=\"so-panel widget widget_orion_empty_space_w\" data-index=\"38\" ><div class=\"orion default panel-widget-style panel-widget-style-for-13674-10-0-4\" ><div\n\t\t\t\n\t\t\tclass=\"so-widget-orion_empty_space_w so-widget-orion_empty_space_w-base\"\n\t\t\t\n\t\t>\t<div class=\"row empty-space visible-lg visible-md\" style=\"height:10px;\">\r\n\t<\/div><\/div><\/div><\/div><div id=\"panel-13674-10-0-5\" class=\"so-panel widget widget_orion_button_w panel-last-child\" data-index=\"39\" ><div class=\"orion default panel-widget-style panel-widget-style-for-13674-10-0-5\" ><div\n\t\t\t\n\t\t\tclass=\"so-widget-orion_button_w so-widget-orion_button_w-base\"\n\t\t\t\n\t\t>\t<div class=\"wrapper block\" style=\"text-align:center\">\r\n\r\n\t\t\t<a class=\"btn btn-white icon-left btn-wire btn-lg\"  href=\"https:\/\/clinicadentalpenedes.com\/ca\/contacte\/\"\r\n\t\t\t   \t\t>\r\n\t\t\t<span class=\"sow-icon-genericons\" data-sow-icon=\"&#xf308;\"\n\t\tstyle=\"\" \n\t\taria-hidden=\"true\"><\/span>Demana la teva cita!\t\t\r\n\t\t<\/a>\r\n\t\r\n<\/div>\r\n<\/div><\/div><\/div><\/div><\/div><\/div><\/div><\/div>","protected":false},"excerpt":{"rendered":"<p>Family dentistry is for patients of all ages offering complete, comprehensive dental care.<\/p>\n","protected":false},"author":3,"featured_media":0,"parent":0,"menu_order":0,"comment_status":"closed","ping_status":"closed","template":"","meta":{"_monsterinsights_skip_tracking":false,"_monsterinsights_sitenote_active":false,"_monsterinsights_sitenote_note":"","_monsterinsights_sitenote_category":0,"footnotes":""},"yoast_head":"<!-- This site is optimized with the Yoast SEO plugin v24.2 - https:\/\/yoast.com\/wordpress\/plugins\/seo\/ -->\n<title>Cl\u00ednica Dental Pened\u00e8s \u2013 Ortod\u00f2ncia a Vilafranca del Pened\u00e8s<\/title>\n<meta name=\"description\" content=\"L&#039;ortod\u00f2ncia \u00e9s un dels principals tractaments de la nostra cl\u00ednica dental. Tant l&#039;ortod\u00f2ncia autolligable com la Invisalign t&#039;ajudaran a recuperar la funcionalitat de la teva dentici\u00f3.\" \/>\n<meta name=\"robots\" content=\"index, follow, max-snippet:-1, max-image-preview:large, max-video-preview:-1\" \/>\n<link rel=\"canonical\" href=\"https:\/\/clinicadentalpenedes.com\/ca\/ortodoncia\/\" \/>\n<meta property=\"og:locale\" content=\"ca_ES\" \/>\n<meta property=\"og:type\" content=\"article\" \/>\n<meta property=\"og:title\" content=\"Cl\u00ednica Dental Pened\u00e8s \u2013 Ortod\u00f2ncia a Vilafranca del Pened\u00e8s\" \/>\n<meta property=\"og:description\" content=\"L&#039;ortod\u00f2ncia \u00e9s un dels principals tractaments de la nostra cl\u00ednica dental. Tant l&#039;ortod\u00f2ncia autolligable com la Invisalign t&#039;ajudaran a recuperar la funcionalitat de la teva dentici\u00f3.\" \/>\n<meta property=\"og:url\" content=\"https:\/\/clinicadentalpenedes.com\/ca\/ortodoncia\/\" \/>\n<meta property=\"og:site_name\" content=\"Cl\u00ednica Dental Pened\u00e8s\" \/>\n<meta property=\"article:modified_time\" content=\"2023-01-25T12:25:07+00:00\" \/>\n<meta name=\"twitter:card\" content=\"summary_large_image\" \/>\n<meta name=\"twitter:label1\" content=\"Temps estimat de lectura\" \/>\n\t<meta name=\"twitter:data1\" content=\"2 minuts\" \/>\n<script type=\"application\/ld+json\" class=\"yoast-schema-graph\">{\"@context\":\"https:\/\/schema.org\",\"@graph\":[{\"@type\":\"WebPage\",\"@id\":\"https:\/\/clinicadentalpenedes.com\/ca\/ortodoncia\/\",\"url\":\"https:\/\/clinicadentalpenedes.com\/ca\/ortodoncia\/\",\"name\":\"Cl\u00ednica Dental Pened\u00e8s \u2013 Ortod\u00f2ncia a Vilafranca del Pened\u00e8s\",\"isPartOf\":{\"@id\":\"https:\/\/clinicadentalpenedes.com\/#website\"},\"datePublished\":\"2019-05-04T12:30:52+00:00\",\"dateModified\":\"2023-01-25T12:25:07+00:00\",\"description\":\"L'ortod\u00f2ncia \u00e9s un dels principals tractaments de la nostra cl\u00ednica dental. Tant l'ortod\u00f2ncia autolligable com la Invisalign t'ajudaran a recuperar la funcionalitat de la teva dentici\u00f3.\",\"breadcrumb\":{\"@id\":\"https:\/\/clinicadentalpenedes.com\/ca\/ortodoncia\/#breadcrumb\"},\"inLanguage\":\"ca\",\"potentialAction\":[{\"@type\":\"ReadAction\",\"target\":[\"https:\/\/clinicadentalpenedes.com\/ca\/ortodoncia\/\"]}]},{\"@type\":\"BreadcrumbList\",\"@id\":\"https:\/\/clinicadentalpenedes.com\/ca\/ortodoncia\/#breadcrumb\",\"itemListElement\":[{\"@type\":\"ListItem\",\"position\":1,\"name\":\"Portada\",\"item\":\"https:\/\/clinicadentalpenedes.com\/ca\/\"},{\"@type\":\"ListItem\",\"position\":2,\"name\":\"Ortod\u00f2ncia\"}]},{\"@type\":\"WebSite\",\"@id\":\"https:\/\/clinicadentalpenedes.com\/#website\",\"url\":\"https:\/\/clinicadentalpenedes.com\/\",\"name\":\"Cl\u00ednica Dental Pened\u00e8s\",\"description\":\"Cl\u00ednica Dental en Vilafranca del Pened\u00e8s\",\"potentialAction\":[{\"@type\":\"SearchAction\",\"target\":{\"@type\":\"EntryPoint\",\"urlTemplate\":\"https:\/\/clinicadentalpenedes.com\/?s={search_term_string}\"},\"query-input\":{\"@type\":\"PropertyValueSpecification\",\"valueRequired\":true,\"valueName\":\"search_term_string\"}}],\"inLanguage\":\"ca\"}]}<\/script>\n<!-- \/ Yoast SEO plugin. -->","yoast_head_json":{"title":"Cl\u00ednica Dental Pened\u00e8s \u2013 Ortod\u00f2ncia a Vilafranca del Pened\u00e8s","description":"L'ortod\u00f2ncia \u00e9s un dels principals tractaments de la nostra cl\u00ednica dental. Tant l'ortod\u00f2ncia autolligable com la Invisalign t'ajudaran a recuperar la funcionalitat de la teva dentici\u00f3.","robots":{"index":"index","follow":"follow","max-snippet":"max-snippet:-1","max-image-preview":"max-image-preview:large","max-video-preview":"max-video-preview:-1"},"canonical":"https:\/\/clinicadentalpenedes.com\/ca\/ortodoncia\/","og_locale":"ca_ES","og_type":"article","og_title":"Cl\u00ednica Dental Pened\u00e8s \u2013 Ortod\u00f2ncia a Vilafranca del Pened\u00e8s","og_description":"L'ortod\u00f2ncia \u00e9s un dels principals tractaments de la nostra cl\u00ednica dental. Tant l'ortod\u00f2ncia autolligable com la Invisalign t'ajudaran a recuperar la funcionalitat de la teva dentici\u00f3.","og_url":"https:\/\/clinicadentalpenedes.com\/ca\/ortodoncia\/","og_site_name":"Cl\u00ednica Dental Pened\u00e8s","article_modified_time":"2023-01-25T12:25:07+00:00","twitter_card":"summary_large_image","twitter_misc":{"Temps estimat de lectura":"2 minuts"},"schema":{"@context":"https:\/\/schema.org","@graph":[{"@type":"WebPage","@id":"https:\/\/clinicadentalpenedes.com\/ca\/ortodoncia\/","url":"https:\/\/clinicadentalpenedes.com\/ca\/ortodoncia\/","name":"Cl\u00ednica Dental Pened\u00e8s \u2013 Ortod\u00f2ncia a Vilafranca del Pened\u00e8s","isPartOf":{"@id":"https:\/\/clinicadentalpenedes.com\/#website"},"datePublished":"2019-05-04T12:30:52+00:00","dateModified":"2023-01-25T12:25:07+00:00","description":"L'ortod\u00f2ncia \u00e9s un dels principals tractaments de la nostra cl\u00ednica dental. Tant l'ortod\u00f2ncia autolligable com la Invisalign t'ajudaran a recuperar la funcionalitat de la teva dentici\u00f3.","breadcrumb":{"@id":"https:\/\/clinicadentalpenedes.com\/ca\/ortodoncia\/#breadcrumb"},"inLanguage":"ca","potentialAction":[{"@type":"ReadAction","target":["https:\/\/clinicadentalpenedes.com\/ca\/ortodoncia\/"]}]},{"@type":"BreadcrumbList","@id":"https:\/\/clinicadentalpenedes.com\/ca\/ortodoncia\/#breadcrumb","itemListElement":[{"@type":"ListItem","position":1,"name":"Portada","item":"https:\/\/clinicadentalpenedes.com\/ca\/"},{"@type":"ListItem","position":2,"name":"Ortod\u00f2ncia"}]},{"@type":"WebSite","@id":"https:\/\/clinicadentalpenedes.com\/#website","url":"https:\/\/clinicadentalpenedes.com\/","name":"Cl\u00ednica Dental Pened\u00e8s","description":"Cl\u00ednica Dental en Vilafranca del Pened\u00e8s","potentialAction":[{"@type":"SearchAction","target":{"@type":"EntryPoint","urlTemplate":"https:\/\/clinicadentalpenedes.com\/?s={search_term_string}"},"query-input":{"@type":"PropertyValueSpecification","valueRequired":true,"valueName":"search_term_string"}}],"inLanguage":"ca"}]}},"_links":{"self":[{"href":"https:\/\/clinicadentalpenedes.com\/ca\/wp-json\/wp\/v2\/pages\/13674"}],"collection":[{"href":"https:\/\/clinicadentalpenedes.com\/ca\/wp-json\/wp\/v2\/pages"}],"about":[{"href":"https:\/\/clinicadentalpenedes.com\/ca\/wp-json\/wp\/v2\/types\/page"}],"author":[{"embeddable":true,"href":"https:\/\/clinicadentalpenedes.com\/ca\/wp-json\/wp\/v2\/users\/3"}],"replies":[{"embeddable":true,"href":"https:\/\/clinicadentalpenedes.com\/ca\/wp-json\/wp\/v2\/comments?post=13674"}],"version-history":[{"count":2,"href":"https:\/\/clinicadentalpenedes.com\/ca\/wp-json\/wp\/v2\/pages\/13674\/revisions"}],"predecessor-version":[{"id":14176,"href":"https:\/\/clinicadentalpenedes.com\/ca\/wp-json\/wp\/v2\/pages\/13674\/revisions\/14176"}],"wp:attachment":[{"href":"https:\/\/clinicadentalpenedes.com\/ca\/wp-json\/wp\/v2\/media?parent=13674"}],"curies":[{"name":"wp","href":"https:\/\/api.w.org\/{rel}","templated":true}]}}